{"id":1558,"date":"2023-12-21T13:34:05","date_gmt":"2023-12-21T13:34:05","guid":{"rendered":"https:\/\/www.fels.de\/?page_id=1558"},"modified":"2024-03-27T14:29:22","modified_gmt":"2024-03-27T14:29:22","slug":"arbeitsumfeld","status":"publish","type":"page","link":"https:\/\/www.fels.de\/de\/karriere-ausbildung\/karriere\/arbeitsumfeld\/","title":{"rendered":"Arbeitsumfeld"},"content":{"rendered":"<div class=\"yoast-breadcrumbs\"><span><span><a href=\"https:\/\/www.fels.de\/de\/karriere-ausbildung\/\">Karriere &#038; Ausbildung<\/a><\/span> \/ <span><a href=\"https:\/\/www.fels.de\/de\/karriere-ausbildung\/karriere\/\">Karriere<\/a><\/span> \/ <span class=\"breadcrumb_last\" aria-current=\"page\">Arbeitsumfeld<\/span><\/span><\/div>\n\n\n<div class=\"wp-block-group is-layout-constrained wp-container-core-group-is-layout-fbfc87ba wp-block-group-is-layout-constrained\">\n<div style=\"height:50px\" aria-hidden=\"true\" class=\"wp-block-spacer\"><\/div>\n\n\n\n<h1 class=\"wp-block-heading\">Arbeitsumfeld<\/h1>\n\n\n\n<h3 class=\"wp-block-heading\">Onboarding<\/h3>\n\n\n\n<p>Unsere neuen Mitarbeitenden werden umfassend in ihre Aufgaben eingearbeitet und in das Team integriert. So schaffen wir die perfekte Grundlage damit sie ihrer Verantwortung und Aufgabe gerecht werden und ihren Beitrag leisten k\u00f6nnen \u2013 das f\u00f6rdert dar\u00fcber hinaus Motivation, Einsatzwillen und Zufriedenheit jedes einzelnen Teammitglieds.<\/p>\n\n\n\n<div style=\"height:10px\" aria-hidden=\"true\" class=\"wp-block-spacer\"><\/div>\n\n\n\n<h3 class=\"wp-block-heading\">T\u00e4tigkeit<\/h3>\n\n\n\n<p>Bei uns erwarten Sie interessante und herausfordernde T\u00e4tigkeiten, f\u00fcr die Ihnen Handlungsspielraum und Eigenverantwortung \u00fcbertragen werden.<\/p>\n\n\n\n<div style=\"height:10px\" aria-hidden=\"true\" class=\"wp-block-spacer\"><\/div>\n\n\n\n<h3 class=\"wp-block-heading\">Umgang<\/h3>\n\n\n\n<p>Ein fairer und respektvoller Umgang sowie gegenseitige Zuverl\u00e4ssigkeit und Offenheit sind bei uns selbstverst\u00e4ndlich und runden das positive Gesamtbild unseres Unternehmens ab. Freuen Sie sich auf motivierte und aufgeschlossene Kolleginnen und Kollegen.<\/p>\n\n\n\n<div style=\"height:10px\" aria-hidden=\"true\" class=\"wp-block-spacer\"><\/div>\n\n\n\n<h3 class=\"wp-block-heading\">MyFels<\/h3>\n\n\n\n<p>Mit der betriebsinternen MyFels App, welche jedem Mitarbeiter zur Verf\u00fcgung steht, sind News, Wissenswertes, Notwendiges, Wichtiges und Hintergr\u00fcnde von \u00fcberall zu jeder Zeit abrufbar.<\/p>\n\n\n\n<div style=\"height:10px\" aria-hidden=\"true\" class=\"wp-block-spacer\"><\/div>\n\n\n\n<h3 class=\"wp-block-heading\">Arbeitssicherheit<\/h3>\n\n\n\n<p>Fels bietet Arbeiten unter Anwendung erh\u00f6hter Sicherheitsstandards. Es ist uns wichtig, dass die Mitarbeiter jeden Tag sicher und gesund zu ihren Familien nach Hause kommen.<\/p>\n\n\n\n<div style=\"height:10px\" aria-hidden=\"true\" class=\"wp-block-spacer\"><\/div>\n\n\n\n<h3 class=\"wp-block-heading\">Arbeitskleidung<\/h3>\n\n\n\n<p>Fels stellt seinen Mitarbeitern hochwertige Arbeitsschutzkleidung mit einem inkludierten W\u00e4scheservice (regelm\u00e4\u00dfiger Reinigung) zur Verf\u00fcgung.<\/p>\n\n\n\n<div style=\"height:10px\" aria-hidden=\"true\" class=\"wp-block-spacer\"><\/div>\n\n\n\n<h3 class=\"wp-block-heading\">Inklusion und Diversit\u00e4t<\/h3>\n\n\n\n<p>Fels ist Vielfalt, offener Dialog, gegenseitiger Respekt und Fairness wichtig.<\/p>\n\n\n\n<div style=\"height:10px\" aria-hidden=\"true\" class=\"wp-block-spacer\"><\/div>\n\n\n\n<h3 class=\"wp-block-heading\">Parkpl\u00e4tze<\/h3>\n\n\n\n<p>Unseren Mitarbeitern stehen kostenlose Parkpl\u00e4tze zur Verf\u00fcgung.<\/p>\n\n\n\n<div style=\"height:10px\" aria-hidden=\"true\" class=\"wp-block-spacer\"><\/div>\n\n\n\n<h3 class=\"wp-block-heading\">Dienstfahrzeuge<\/h3>\n\n\n\n<p>In Abh\u00e4ngigkeit von der ausge\u00fcbten Position besteht die M\u00f6glichkeit auf einen Dienstwagen.<\/p>\n<\/div>\n\n\n\n<div id=\"weitere-themen\" class=\"wp-block-group is-layout-constrained wp-container-core-group-is-layout-73c6c5f8 wp-block-group-is-layout-constrained\">\n<div style=\"height:140px\" aria-hidden=\"true\" class=\"wp-block-spacer\"><\/div>\n\n\n\n<h3 class=\"wp-block-heading\">Diese Themen k\u00f6nnten Sie interessieren<\/h3>\n\n\n<div class=\"lazyblock-read-more-Z25yqqO wp-block-lazyblock-read-more\"><div class=\"fels-read-more-links\"><div class=\"fels-read-more-links--item\"><a href=\"https:\/\/www.fels.de\/de\/nachhaltigkeit\"><img loading=\"lazy\" decoding=\"async\" width=\"300\" height=\"300\" src=\"https:\/\/www.fels.de\/wp-content\/uploads\/2023\/12\/Fels_Linktitel_02_Nachhaltigkeit-300x300.jpg\" class=\"attachment-medium size-medium\" alt=\"\" srcset=\"https:\/\/www.fels.de\/wp-content\/uploads\/2023\/12\/Fels_Linktitel_02_Nachhaltigkeit-300x300.jpg 300w, https:\/\/www.fels.de\/wp-content\/uploads\/2023\/12\/Fels_Linktitel_02_Nachhaltigkeit-150x150.jpg 150w, https:\/\/www.fels.de\/wp-content\/uploads\/2023\/12\/Fels_Linktitel_02_Nachhaltigkeit.jpg 400w\" sizes=\"auto, (max-width: 300px) 100vw, 300px\" \/>    <p>Nachhaltigkeit<\/p><h3>Generationengerecht und umweltfreundlich<\/h3><\/a><\/div><div class=\"fels-read-more-links--item\"><a href=\"https:\/\/www.fels.de\/de\/produkte\"><img loading=\"lazy\" decoding=\"async\" width=\"300\" height=\"300\" src=\"https:\/\/www.fels.de\/wp-content\/uploads\/2023\/12\/Fels_Linktitel_03_Produkte-300x300.jpg\" class=\"attachment-medium size-medium\" alt=\"\" srcset=\"https:\/\/www.fels.de\/wp-content\/uploads\/2023\/12\/Fels_Linktitel_03_Produkte-300x300.jpg 300w, https:\/\/www.fels.de\/wp-content\/uploads\/2023\/12\/Fels_Linktitel_03_Produkte-150x150.jpg 150w, https:\/\/www.fels.de\/wp-content\/uploads\/2023\/12\/Fels_Linktitel_03_Produkte.jpg 400w\" sizes=\"auto, (max-width: 300px) 100vw, 300px\" \/>    <p>Produkte<\/p><h3>Ein Stein, viele Facetten<\/h3><\/a><\/div><div class=\"fels-read-more-links--item\"><a href=\"https:\/\/www.fels.de\/de\/anwendungen\"><img loading=\"lazy\" decoding=\"async\" width=\"300\" height=\"300\" src=\"https:\/\/www.fels.de\/wp-content\/uploads\/2023\/12\/Fels_Linktitel_04_Anwendungen-300x300.jpg\" class=\"attachment-medium size-medium\" alt=\"\" srcset=\"https:\/\/www.fels.de\/wp-content\/uploads\/2023\/12\/Fels_Linktitel_04_Anwendungen-300x300.jpg 300w, https:\/\/www.fels.de\/wp-content\/uploads\/2023\/12\/Fels_Linktitel_04_Anwendungen-150x150.jpg 150w, https:\/\/www.fels.de\/wp-content\/uploads\/2023\/12\/Fels_Linktitel_04_Anwendungen.jpg 400w\" sizes=\"auto, (max-width: 300px) 100vw, 300px\" \/>    <p>Anwendungen<\/p><h3>Vielf\u00e4ltige M\u00f6glichkeiten<\/h3><\/a><\/div><div class=\"fels-read-more-links--item\"><a href=\"https:\/\/www.fels.de\/de\/karriere-ausbildung\/\"><img loading=\"lazy\" decoding=\"async\" width=\"300\" height=\"300\" src=\"https:\/\/www.fels.de\/wp-content\/uploads\/2023\/12\/Fels_Linktitel_05_Karriere_Ausbildung-300x300.jpg\" class=\"attachment-medium size-medium\" alt=\"\" srcset=\"https:\/\/www.fels.de\/wp-content\/uploads\/2023\/12\/Fels_Linktitel_05_Karriere_Ausbildung-300x300.jpg 300w, https:\/\/www.fels.de\/wp-content\/uploads\/2023\/12\/Fels_Linktitel_05_Karriere_Ausbildung-150x150.jpg 150w, https:\/\/www.fels.de\/wp-content\/uploads\/2023\/12\/Fels_Linktitel_05_Karriere_Ausbildung.jpg 400w\" sizes=\"auto, (max-width: 300px) 100vw, 300px\" \/>    <p>Karriere &#038; Ausbildungen<\/p><h3>Offene Stellen bei Fels<\/h3><\/a><\/div><\/div><\/div>\n\n\n<div style=\"height:140px\" aria-hidden=\"true\" class=\"wp-block-spacer\"><\/div>\n<\/div>\n","protected":false},"excerpt":{"rendered":"<p>Arbeitsumfeld Onboarding Unsere neuen Mitarbeitenden werden umfassend in ihre Aufgaben eingearbeitet und in das Team integriert. So schaffen wir die perfekte Grundlage damit sie ihrer Verantwortung und Aufgabe gerecht werden und ihren Beitrag leisten k\u00f6nnen \u2013 das f\u00f6rdert dar\u00fcber hinaus Motivation, Einsatzwillen und Zufriedenheit jedes einzelnen Teammitglieds. T\u00e4tigkeit Bei uns erwarten Sie interessante und herausfordernde [&hellip;]<\/p>\n","protected":false},"author":1,"featured_media":1890,"parent":1648,"menu_order":0,"comment_status":"closed","ping_status":"closed","template":"hero_image.tpl.php","meta":{"_acf_changed":false,"inline_featured_image":false,"footnotes":""},"class_list":["post-1558","page","type-page","status-publish","has-post-thumbnail","hentry"],"acf":[],"yoast_head":"<!-- This site is optimized with the Yoast SEO plugin v27.4 - https:\/\/yoast.com\/product\/yoast-seo-wordpress\/ -->\n<title>Arbeitsumfeld - Fels Werke<\/title>\n<meta name=\"robots\" content=\"index, follow, max-snippet:-1, max-image-preview:large, max-video-preview:-1\" \/>\n<link rel=\"canonical\" href=\"https:\/\/www.fels.de\/de\/karriere-ausbildung\/karriere\/arbeitsumfeld\/\" \/>\n<meta property=\"og:locale\" content=\"de_DE\" \/>\n<meta property=\"og:type\" content=\"article\" \/>\n<meta property=\"og:title\" content=\"Arbeitsumfeld - Fels Werke\" \/>\n<meta property=\"og:description\" content=\"Arbeitsumfeld Onboarding Unsere neuen Mitarbeitenden werden umfassend in ihre Aufgaben eingearbeitet und in das Team integriert. So schaffen wir die perfekte Grundlage damit sie ihrer Verantwortung und Aufgabe gerecht werden und ihren Beitrag leisten k\u00f6nnen \u2013 das f\u00f6rdert dar\u00fcber hinaus Motivation, Einsatzwillen und Zufriedenheit jedes einzelnen Teammitglieds. T\u00e4tigkeit Bei uns erwarten Sie interessante und herausfordernde [&hellip;]\" \/>\n<meta property=\"og:url\" content=\"https:\/\/www.fels.de\/de\/karriere-ausbildung\/karriere\/arbeitsumfeld\/\" \/>\n<meta property=\"og:site_name\" content=\"Fels Werke\" \/>\n<meta property=\"article:publisher\" content=\"https:\/\/www.facebook.com\/FelsWerkeGmbH\/\" \/>\n<meta property=\"article:modified_time\" content=\"2024-03-27T14:29:22+00:00\" \/>\n<meta property=\"og:image\" content=\"https:\/\/www.fels.de\/wp-content\/uploads\/2024\/01\/Umfeld_03.jpg\" \/>\n\t<meta property=\"og:image:width\" content=\"2000\" \/>\n\t<meta property=\"og:image:height\" content=\"1000\" \/>\n\t<meta property=\"og:image:type\" content=\"image\/jpeg\" \/>\n<meta name=\"twitter:card\" content=\"summary_large_image\" \/>\n<meta name=\"twitter:label1\" content=\"Gesch\u00e4tzte Lesezeit\" \/>\n\t<meta name=\"twitter:data1\" content=\"2\u00a0Minuten\" \/>\n<script type=\"application\/ld+json\" class=\"yoast-schema-graph\">{\"@context\":\"https:\\\/\\\/schema.org\",\"@graph\":[{\"@type\":\"WebPage\",\"@id\":\"https:\\\/\\\/www.fels.de\\\/de\\\/karriere-ausbildung\\\/karriere\\\/arbeitsumfeld\\\/\",\"url\":\"https:\\\/\\\/www.fels.de\\\/de\\\/karriere-ausbildung\\\/karriere\\\/arbeitsumfeld\\\/\",\"name\":\"Arbeitsumfeld - Fels Werke\",\"isPartOf\":{\"@id\":\"https:\\\/\\\/www.fels.de\\\/de\\\/#website\"},\"primaryImageOfPage\":{\"@id\":\"https:\\\/\\\/www.fels.de\\\/de\\\/karriere-ausbildung\\\/karriere\\\/arbeitsumfeld\\\/#primaryimage\"},\"image\":{\"@id\":\"https:\\\/\\\/www.fels.de\\\/de\\\/karriere-ausbildung\\\/karriere\\\/arbeitsumfeld\\\/#primaryimage\"},\"thumbnailUrl\":\"https:\\\/\\\/www.fels.de\\\/wp-content\\\/uploads\\\/2024\\\/01\\\/Umfeld_03.jpg\",\"datePublished\":\"2023-12-21T13:34:05+00:00\",\"dateModified\":\"2024-03-27T14:29:22+00:00\",\"breadcrumb\":{\"@id\":\"https:\\\/\\\/www.fels.de\\\/de\\\/karriere-ausbildung\\\/karriere\\\/arbeitsumfeld\\\/#breadcrumb\"},\"inLanguage\":\"de\",\"potentialAction\":[{\"@type\":\"ReadAction\",\"target\":[\"https:\\\/\\\/www.fels.de\\\/de\\\/karriere-ausbildung\\\/karriere\\\/arbeitsumfeld\\\/\"]}]},{\"@type\":\"ImageObject\",\"inLanguage\":\"de\",\"@id\":\"https:\\\/\\\/www.fels.de\\\/de\\\/karriere-ausbildung\\\/karriere\\\/arbeitsumfeld\\\/#primaryimage\",\"url\":\"https:\\\/\\\/www.fels.de\\\/wp-content\\\/uploads\\\/2024\\\/01\\\/Umfeld_03.jpg\",\"contentUrl\":\"https:\\\/\\\/www.fels.de\\\/wp-content\\\/uploads\\\/2024\\\/01\\\/Umfeld_03.jpg\",\"width\":2000,\"height\":1000},{\"@type\":\"BreadcrumbList\",\"@id\":\"https:\\\/\\\/www.fels.de\\\/de\\\/karriere-ausbildung\\\/karriere\\\/arbeitsumfeld\\\/#breadcrumb\",\"itemListElement\":[{\"@type\":\"ListItem\",\"position\":1,\"name\":\"Karriere &#038; Ausbildung\",\"item\":\"https:\\\/\\\/www.fels.de\\\/de\\\/karriere-ausbildung\\\/\"},{\"@type\":\"ListItem\",\"position\":2,\"name\":\"Karriere\",\"item\":\"https:\\\/\\\/www.fels.de\\\/de\\\/karriere-ausbildung\\\/karriere\\\/\"},{\"@type\":\"ListItem\",\"position\":3,\"name\":\"Arbeitsumfeld\"}]},{\"@type\":\"WebSite\",\"@id\":\"https:\\\/\\\/www.fels.de\\\/de\\\/#website\",\"url\":\"https:\\\/\\\/www.fels.de\\\/de\\\/\",\"name\":\"Fels Werke\",\"description\":\"\",\"publisher\":{\"@id\":\"https:\\\/\\\/www.fels.de\\\/de\\\/#organization\"},\"potentialAction\":[{\"@type\":\"SearchAction\",\"target\":{\"@type\":\"EntryPoint\",\"urlTemplate\":\"https:\\\/\\\/www.fels.de\\\/de\\\/?s={search_term_string}\"},\"query-input\":{\"@type\":\"PropertyValueSpecification\",\"valueRequired\":true,\"valueName\":\"search_term_string\"}}],\"inLanguage\":\"de\"},{\"@type\":\"Organization\",\"@id\":\"https:\\\/\\\/www.fels.de\\\/de\\\/#organization\",\"name\":\"Fels Vertriebs und Service GmbH & Co. KG\",\"url\":\"https:\\\/\\\/www.fels.de\\\/de\\\/\",\"logo\":{\"@type\":\"ImageObject\",\"inLanguage\":\"de\",\"@id\":\"https:\\\/\\\/www.fels.de\\\/de\\\/#\\\/schema\\\/logo\\\/image\\\/\",\"url\":\"https:\\\/\\\/www.fels.de\\\/wp-content\\\/uploads\\\/2023\\\/12\\\/Fels_Logo_de_rgb.svg\",\"contentUrl\":\"https:\\\/\\\/www.fels.de\\\/wp-content\\\/uploads\\\/2023\\\/12\\\/Fels_Logo_de_rgb.svg\",\"width\":\"1024\",\"height\":\"1024\",\"caption\":\"Fels Vertriebs und Service GmbH & Co. KG\"},\"image\":{\"@id\":\"https:\\\/\\\/www.fels.de\\\/de\\\/#\\\/schema\\\/logo\\\/image\\\/\"},\"sameAs\":[\"https:\\\/\\\/www.facebook.com\\\/FelsWerkeGmbH\\\/\",\"https:\\\/\\\/www.xing.com\\\/pages\\\/fels-werkegmbh\",\"https:\\\/\\\/www.youtube.com\\\/channel\\\/UCCMuLAEi1GZRT7B8S7IvHaA\",\"https:\\\/\\\/de.linkedin.com\\\/company\\\/fels-werke-gmbh\"]}]}<\/script>\n<!-- \/ Yoast SEO plugin. -->","yoast_head_json":{"title":"Arbeitsumfeld - Fels Werke","robots":{"index":"index","follow":"follow","max-snippet":"max-snippet:-1","max-image-preview":"max-image-preview:large","max-video-preview":"max-video-preview:-1"},"canonical":"https:\/\/www.fels.de\/de\/karriere-ausbildung\/karriere\/arbeitsumfeld\/","og_locale":"de_DE","og_type":"article","og_title":"Arbeitsumfeld - Fels Werke","og_description":"Arbeitsumfeld Onboarding Unsere neuen Mitarbeitenden werden umfassend in ihre Aufgaben eingearbeitet und in das Team integriert. So schaffen wir die perfekte Grundlage damit sie ihrer Verantwortung und Aufgabe gerecht werden und ihren Beitrag leisten k\u00f6nnen \u2013 das f\u00f6rdert dar\u00fcber hinaus Motivation, Einsatzwillen und Zufriedenheit jedes einzelnen Teammitglieds. T\u00e4tigkeit Bei uns erwarten Sie interessante und herausfordernde [&hellip;]","og_url":"https:\/\/www.fels.de\/de\/karriere-ausbildung\/karriere\/arbeitsumfeld\/","og_site_name":"Fels Werke","article_publisher":"https:\/\/www.facebook.com\/FelsWerkeGmbH\/","article_modified_time":"2024-03-27T14:29:22+00:00","og_image":[{"width":2000,"height":1000,"url":"https:\/\/www.fels.de\/wp-content\/uploads\/2024\/01\/Umfeld_03.jpg","type":"image\/jpeg"}],"twitter_card":"summary_large_image","twitter_misc":{"Gesch\u00e4tzte Lesezeit":"2\u00a0Minuten"},"schema":{"@context":"https:\/\/schema.org","@graph":[{"@type":"WebPage","@id":"https:\/\/www.fels.de\/de\/karriere-ausbildung\/karriere\/arbeitsumfeld\/","url":"https:\/\/www.fels.de\/de\/karriere-ausbildung\/karriere\/arbeitsumfeld\/","name":"Arbeitsumfeld - Fels Werke","isPartOf":{"@id":"https:\/\/www.fels.de\/de\/#website"},"primaryImageOfPage":{"@id":"https:\/\/www.fels.de\/de\/karriere-ausbildung\/karriere\/arbeitsumfeld\/#primaryimage"},"image":{"@id":"https:\/\/www.fels.de\/de\/karriere-ausbildung\/karriere\/arbeitsumfeld\/#primaryimage"},"thumbnailUrl":"https:\/\/www.fels.de\/wp-content\/uploads\/2024\/01\/Umfeld_03.jpg","datePublished":"2023-12-21T13:34:05+00:00","dateModified":"2024-03-27T14:29:22+00:00","breadcrumb":{"@id":"https:\/\/www.fels.de\/de\/karriere-ausbildung\/karriere\/arbeitsumfeld\/#breadcrumb"},"inLanguage":"de","potentialAction":[{"@type":"ReadAction","target":["https:\/\/www.fels.de\/de\/karriere-ausbildung\/karriere\/arbeitsumfeld\/"]}]},{"@type":"ImageObject","inLanguage":"de","@id":"https:\/\/www.fels.de\/de\/karriere-ausbildung\/karriere\/arbeitsumfeld\/#primaryimage","url":"https:\/\/www.fels.de\/wp-content\/uploads\/2024\/01\/Umfeld_03.jpg","contentUrl":"https:\/\/www.fels.de\/wp-content\/uploads\/2024\/01\/Umfeld_03.jpg","width":2000,"height":1000},{"@type":"BreadcrumbList","@id":"https:\/\/www.fels.de\/de\/karriere-ausbildung\/karriere\/arbeitsumfeld\/#breadcrumb","itemListElement":[{"@type":"ListItem","position":1,"name":"Karriere &#038; Ausbildung","item":"https:\/\/www.fels.de\/de\/karriere-ausbildung\/"},{"@type":"ListItem","position":2,"name":"Karriere","item":"https:\/\/www.fels.de\/de\/karriere-ausbildung\/karriere\/"},{"@type":"ListItem","position":3,"name":"Arbeitsumfeld"}]},{"@type":"WebSite","@id":"https:\/\/www.fels.de\/de\/#website","url":"https:\/\/www.fels.de\/de\/","name":"Fels Werke","description":"","publisher":{"@id":"https:\/\/www.fels.de\/de\/#organization"},"potentialAction":[{"@type":"SearchAction","target":{"@type":"EntryPoint","urlTemplate":"https:\/\/www.fels.de\/de\/?s={search_term_string}"},"query-input":{"@type":"PropertyValueSpecification","valueRequired":true,"valueName":"search_term_string"}}],"inLanguage":"de"},{"@type":"Organization","@id":"https:\/\/www.fels.de\/de\/#organization","name":"Fels Vertriebs und Service GmbH & Co. KG","url":"https:\/\/www.fels.de\/de\/","logo":{"@type":"ImageObject","inLanguage":"de","@id":"https:\/\/www.fels.de\/de\/#\/schema\/logo\/image\/","url":"https:\/\/www.fels.de\/wp-content\/uploads\/2023\/12\/Fels_Logo_de_rgb.svg","contentUrl":"https:\/\/www.fels.de\/wp-content\/uploads\/2023\/12\/Fels_Logo_de_rgb.svg","width":"1024","height":"1024","caption":"Fels Vertriebs und Service GmbH & Co. KG"},"image":{"@id":"https:\/\/www.fels.de\/de\/#\/schema\/logo\/image\/"},"sameAs":["https:\/\/www.facebook.com\/FelsWerkeGmbH\/","https:\/\/www.xing.com\/pages\/fels-werkegmbh","https:\/\/www.youtube.com\/channel\/UCCMuLAEi1GZRT7B8S7IvHaA","https:\/\/de.linkedin.com\/company\/fels-werke-gmbh"]}]}},"_links":{"self":[{"href":"https:\/\/www.fels.de\/de\/wp-json\/wp\/v2\/pages\/1558","targetHints":{"allow":["GET"]}}],"collection":[{"href":"https:\/\/www.fels.de\/de\/wp-json\/wp\/v2\/pages"}],"about":[{"href":"https:\/\/www.fels.de\/de\/wp-json\/wp\/v2\/types\/page"}],"author":[{"embeddable":true,"href":"https:\/\/www.fels.de\/de\/wp-json\/wp\/v2\/users\/1"}],"replies":[{"embeddable":true,"href":"https:\/\/www.fels.de\/de\/wp-json\/wp\/v2\/comments?post=1558"}],"version-history":[{"count":20,"href":"https:\/\/www.fels.de\/de\/wp-json\/wp\/v2\/pages\/1558\/revisions"}],"predecessor-version":[{"id":3624,"href":"https:\/\/www.fels.de\/de\/wp-json\/wp\/v2\/pages\/1558\/revisions\/3624"}],"up":[{"embeddable":true,"href":"https:\/\/www.fels.de\/de\/wp-json\/wp\/v2\/pages\/1648"}],"wp:featuredmedia":[{"embeddable":true,"href":"https:\/\/www.fels.de\/de\/wp-json\/wp\/v2\/media\/1890"}],"wp:attachment":[{"href":"https:\/\/www.fels.de\/de\/wp-json\/wp\/v2\/media?parent=1558"}],"curies":[{"name":"wp","href":"https:\/\/api.w.org\/{rel}","templated":true}]}}