{"id":1570,"date":"2023-12-22T14:48:34","date_gmt":"2023-12-22T14:48:34","guid":{"rendered":"https:\/\/www.fels.de\/?page_id=1570"},"modified":"2024-03-04T09:28:57","modified_gmt":"2024-03-04T09:28:57","slug":"berufliche-entwicklung","status":"publish","type":"page","link":"https:\/\/www.fels.de\/de\/karriere-ausbildung\/karriere\/berufliche-entwicklung\/","title":{"rendered":"Berufliche Entwicklung"},"content":{"rendered":"<div class=\"yoast-breadcrumbs\"><span><span><a href=\"https:\/\/www.fels.de\/de\/karriere-ausbildung\/\">Karriere &#038; Ausbildung<\/a><\/span> \/ <span><a href=\"https:\/\/www.fels.de\/de\/karriere-ausbildung\/karriere\/\">Karriere<\/a><\/span> \/ <span class=\"breadcrumb_last\" aria-current=\"page\">Berufliche Entwicklung<\/span><\/span><\/div>\n\n\n<div class=\"wp-block-group is-layout-constrained wp-container-core-group-is-layout-fbfc87ba wp-block-group-is-layout-constrained\">\n<div style=\"height:50px\" aria-hidden=\"true\" class=\"wp-block-spacer\"><\/div>\n\n\n\n<h1 class=\"wp-block-heading\">Berufliche Entwicklung<\/h1>\n\n\n\n<p>Unsere Mitarbeiter sind das Fundament des Unternehmens. Aus diesem Grund ist die F\u00f6rderung unserer Mitarbeiter durch gezielte Weiterbildungsma\u00dfnahmen au\u00dferordentlich wichtig.<\/p>\n\n\n\n<div style=\"height:30px\" aria-hidden=\"true\" class=\"wp-block-spacer\"><\/div>\n\n\n\n<h3 class=\"wp-block-heading\">Mitarbeitergespr\u00e4che<\/h3>\n\n\n\n<p>In regelm\u00e4\u00dfigen Mitarbeitergespr\u00e4chen werden Ma\u00dfnahmen zur fachlichen und pers\u00f6nlichen Entwicklung besprochen und festgehalten. Unser wichtigstes Anliegen ist es, unsere Mitarbeiter zielgerichtet und praxisbezogen zu f\u00f6rdern, um sie in die Prozessabl\u00e4ufe unseres Unternehmens optimal einbinden zu k\u00f6nnen.<\/p>\n\n\n\n<div style=\"height:10px\" aria-hidden=\"true\" class=\"wp-block-spacer\"><\/div>\n\n\n\n<h3 class=\"wp-block-heading\">Weiterbildungen<\/h3>\n\n\n\n<p>Wir bieten verschiedenste Seminare f\u00fcr engagierte Mitarbeiter, um ihre F\u00e4higkeiten und Fertigkeiten zu erhalten und zu erweitern.<\/p>\n\n\n\n<div style=\"height:10px\" aria-hidden=\"true\" class=\"wp-block-spacer\"><\/div>\n\n\n\n<h3 class=\"wp-block-heading\">Talentmanagement<\/h3>\n\n\n\n<p>Wir identifizieren regelm\u00e4\u00dfig Potentialtr\u00e4ger, die individuell gef\u00f6rdert und somit auf weiterf\u00fchrende Aufgaben vorbereitet werden. Auf diese Weise schaffen wir langfristige Perspektiven f\u00fcr unsere Mitarbeiter und unser Unternehmen.<\/p>\n\n\n\n<div style=\"height:10px\" aria-hidden=\"true\" class=\"wp-block-spacer\"><\/div>\n\n\n\n<h3 class=\"wp-block-heading\">Sprachkurse<\/h3>\n\n\n\n<p>In einer globalisierten Welt ist der Umgang mit Fremdsprachen essentiell. Besonders Englisch ist in der Arbeitswelt unabdingbar. Aus diesem Grund bieten wir Sprachkurse an, in denen gezielt die Sprachkenntnisse aufgearbeitet und ausgebaut werden.<\/p>\n\n\n\n<div style=\"height:10px\" aria-hidden=\"true\" class=\"wp-block-spacer\"><\/div>\n\n\n\n<h3 class=\"wp-block-heading\">E-Learning<\/h3>\n\n\n\n<p>Um die F\u00e4higkeiten und das Fachwissen unserer Mitarbeiter stets auf den neuesten Stand zu bringen, bieten wir Online-Schulungen und Kurse an, die bequem und einfach Wissen vermitteln.<\/p>\n\n\n\n<div style=\"height:10px\" aria-hidden=\"true\" class=\"wp-block-spacer\"><\/div>\n\n\n\n<h3 class=\"wp-block-heading\">Interne Stellenausschreibungen<\/h3>\n\n\n\n<p>Unsere interne Stellenb\u00f6rse erm\u00f6glicht es unseren Mitarbeitern sich auch innerhalb unseres Unternehmens neu zu orientieren oder sich neuen Aufgaben zu stellen und an ihnen zu wachsen. Nicht nur unsere Mitarbeiter profitieren von einer internen Stellenbesetzung, sondern auch wir als Unternehmen.<\/p>\n\n\n\n<div style=\"height:10px\" aria-hidden=\"true\" class=\"wp-block-spacer\"><\/div>\n\n\n\n<h3 class=\"wp-block-heading\">Aufstiegsqualifikationen<\/h3>\n\n\n\n<p>Wir unterst\u00fctzen zielgerichtet z. B. bei der Meister- und Technikerausbildung, der Ausbildung zum Fachwirt\/Fachkaufmann oder bei der Absolvierung eines Hochschulstudiums.<\/p>\n\n\n\n<p><\/p>\n<\/div>\n\n\n\n<div id=\"weitere-themen\" class=\"wp-block-group is-layout-constrained wp-container-core-group-is-layout-73c6c5f8 wp-block-group-is-layout-constrained\">\n<div style=\"height:140px\" aria-hidden=\"true\" class=\"wp-block-spacer\"><\/div>\n\n\n\n<h3 class=\"wp-block-heading\">Diese Themen k\u00f6nnten Sie interessieren<\/h3>\n\n\n<div class=\"lazyblock-read-more-Z25yqqO wp-block-lazyblock-read-more\"><div class=\"fels-read-more-links\"><div class=\"fels-read-more-links--item\"><a href=\"https:\/\/www.fels.de\/de\/nachhaltigkeit\"><img loading=\"lazy\" decoding=\"async\" width=\"300\" height=\"300\" src=\"https:\/\/www.fels.de\/wp-content\/uploads\/2023\/12\/Fels_Linktitel_02_Nachhaltigkeit-300x300.jpg\" class=\"attachment-medium size-medium\" alt=\"\" srcset=\"https:\/\/www.fels.de\/wp-content\/uploads\/2023\/12\/Fels_Linktitel_02_Nachhaltigkeit-300x300.jpg 300w, https:\/\/www.fels.de\/wp-content\/uploads\/2023\/12\/Fels_Linktitel_02_Nachhaltigkeit-150x150.jpg 150w, https:\/\/www.fels.de\/wp-content\/uploads\/2023\/12\/Fels_Linktitel_02_Nachhaltigkeit.jpg 400w\" sizes=\"auto, (max-width: 300px) 100vw, 300px\" \/>    <p>Nachhaltigkeit<\/p><h3>Generationengerecht und umweltfreundlich<\/h3><\/a><\/div><div class=\"fels-read-more-links--item\"><a href=\"https:\/\/www.fels.de\/de\/produkte\"><img loading=\"lazy\" decoding=\"async\" width=\"300\" height=\"300\" src=\"https:\/\/www.fels.de\/wp-content\/uploads\/2023\/12\/Fels_Linktitel_03_Produkte-300x300.jpg\" class=\"attachment-medium size-medium\" alt=\"\" srcset=\"https:\/\/www.fels.de\/wp-content\/uploads\/2023\/12\/Fels_Linktitel_03_Produkte-300x300.jpg 300w, https:\/\/www.fels.de\/wp-content\/uploads\/2023\/12\/Fels_Linktitel_03_Produkte-150x150.jpg 150w, https:\/\/www.fels.de\/wp-content\/uploads\/2023\/12\/Fels_Linktitel_03_Produkte.jpg 400w\" sizes=\"auto, (max-width: 300px) 100vw, 300px\" \/>    <p>Produkte<\/p><h3>Ein Stein, viele Facetten<\/h3><\/a><\/div><div class=\"fels-read-more-links--item\"><a href=\"https:\/\/www.fels.de\/de\/anwendungen\"><img loading=\"lazy\" decoding=\"async\" width=\"300\" height=\"300\" src=\"https:\/\/www.fels.de\/wp-content\/uploads\/2023\/12\/Fels_Linktitel_04_Anwendungen-300x300.jpg\" class=\"attachment-medium size-medium\" alt=\"\" srcset=\"https:\/\/www.fels.de\/wp-content\/uploads\/2023\/12\/Fels_Linktitel_04_Anwendungen-300x300.jpg 300w, https:\/\/www.fels.de\/wp-content\/uploads\/2023\/12\/Fels_Linktitel_04_Anwendungen-150x150.jpg 150w, https:\/\/www.fels.de\/wp-content\/uploads\/2023\/12\/Fels_Linktitel_04_Anwendungen.jpg 400w\" sizes=\"auto, (max-width: 300px) 100vw, 300px\" \/>    <p>Anwendungen<\/p><h3>Vielf\u00e4ltige M\u00f6glichkeiten<\/h3><\/a><\/div><div class=\"fels-read-more-links--item\"><a href=\"https:\/\/www.fels.de\/de\/karriere-ausbildung\/\"><img loading=\"lazy\" decoding=\"async\" width=\"300\" height=\"300\" src=\"https:\/\/www.fels.de\/wp-content\/uploads\/2023\/12\/Fels_Linktitel_05_Karriere_Ausbildung-300x300.jpg\" class=\"attachment-medium size-medium\" alt=\"\" srcset=\"https:\/\/www.fels.de\/wp-content\/uploads\/2023\/12\/Fels_Linktitel_05_Karriere_Ausbildung-300x300.jpg 300w, https:\/\/www.fels.de\/wp-content\/uploads\/2023\/12\/Fels_Linktitel_05_Karriere_Ausbildung-150x150.jpg 150w, https:\/\/www.fels.de\/wp-content\/uploads\/2023\/12\/Fels_Linktitel_05_Karriere_Ausbildung.jpg 400w\" sizes=\"auto, (max-width: 300px) 100vw, 300px\" \/>    <p>Karriere &#038; Ausbildungen<\/p><h3>Offene Stellen bei Fels<\/h3><\/a><\/div><\/div><\/div>\n\n\n<div style=\"height:140px\" aria-hidden=\"true\" class=\"wp-block-spacer\"><\/div>\n<\/div>\n","protected":false},"excerpt":{"rendered":"<p>Berufliche Entwicklung Unsere Mitarbeiter sind das Fundament des Unternehmens. Aus diesem Grund ist die F\u00f6rderung unserer Mitarbeiter durch gezielte Weiterbildungsma\u00dfnahmen au\u00dferordentlich wichtig. Mitarbeitergespr\u00e4che In regelm\u00e4\u00dfigen Mitarbeitergespr\u00e4chen werden Ma\u00dfnahmen zur fachlichen und pers\u00f6nlichen Entwicklung besprochen und festgehalten. Unser wichtigstes Anliegen ist es, unsere Mitarbeiter zielgerichtet und praxisbezogen zu f\u00f6rdern, um sie in die Prozessabl\u00e4ufe unseres Unternehmens [&hellip;]<\/p>\n","protected":false},"author":1,"featured_media":1600,"parent":1648,"menu_order":0,"comment_status":"closed","ping_status":"closed","template":"hero_image.tpl.php","meta":{"_acf_changed":false,"inline_featured_image":false,"footnotes":""},"class_list":["post-1570","page","type-page","status-publish","has-post-thumbnail","hentry"],"acf":[],"yoast_head":"<!-- This site is optimized with the Yoast SEO plugin v27.4 - https:\/\/yoast.com\/product\/yoast-seo-wordpress\/ -->\n<title>Berufliche Entwicklung - Fels Werke<\/title>\n<meta name=\"robots\" content=\"index, follow, max-snippet:-1, max-image-preview:large, max-video-preview:-1\" \/>\n<link rel=\"canonical\" href=\"https:\/\/www.fels.de\/de\/karriere-ausbildung\/karriere\/berufliche-entwicklung\/\" \/>\n<meta property=\"og:locale\" content=\"de_DE\" \/>\n<meta property=\"og:type\" content=\"article\" \/>\n<meta property=\"og:title\" content=\"Berufliche Entwicklung - Fels Werke\" \/>\n<meta property=\"og:description\" content=\"Berufliche Entwicklung Unsere Mitarbeiter sind das Fundament des Unternehmens. Aus diesem Grund ist die F\u00f6rderung unserer Mitarbeiter durch gezielte Weiterbildungsma\u00dfnahmen au\u00dferordentlich wichtig. Mitarbeitergespr\u00e4che In regelm\u00e4\u00dfigen Mitarbeitergespr\u00e4chen werden Ma\u00dfnahmen zur fachlichen und pers\u00f6nlichen Entwicklung besprochen und festgehalten. Unser wichtigstes Anliegen ist es, unsere Mitarbeiter zielgerichtet und praxisbezogen zu f\u00f6rdern, um sie in die Prozessabl\u00e4ufe unseres Unternehmens [&hellip;]\" \/>\n<meta property=\"og:url\" content=\"https:\/\/www.fels.de\/de\/karriere-ausbildung\/karriere\/berufliche-entwicklung\/\" \/>\n<meta property=\"og:site_name\" content=\"Fels Werke\" \/>\n<meta property=\"article:publisher\" content=\"https:\/\/www.facebook.com\/FelsWerkeGmbH\/\" \/>\n<meta property=\"article:modified_time\" content=\"2024-03-04T09:28:57+00:00\" \/>\n<meta property=\"og:image\" content=\"https:\/\/www.fels.de\/wp-content\/uploads\/2023\/12\/Fels_Leistungen_02_Berufliche_Entwicklung.jpg\" \/>\n\t<meta property=\"og:image:width\" content=\"2000\" \/>\n\t<meta property=\"og:image:height\" content=\"1000\" \/>\n\t<meta property=\"og:image:type\" content=\"image\/jpeg\" \/>\n<meta name=\"twitter:card\" content=\"summary_large_image\" \/>\n<meta name=\"twitter:label1\" content=\"Gesch\u00e4tzte Lesezeit\" \/>\n\t<meta name=\"twitter:data1\" content=\"2\u00a0Minuten\" \/>\n<script type=\"application\/ld+json\" class=\"yoast-schema-graph\">{\"@context\":\"https:\\\/\\\/schema.org\",\"@graph\":[{\"@type\":\"WebPage\",\"@id\":\"https:\\\/\\\/www.fels.de\\\/de\\\/karriere-ausbildung\\\/karriere\\\/berufliche-entwicklung\\\/\",\"url\":\"https:\\\/\\\/www.fels.de\\\/de\\\/karriere-ausbildung\\\/karriere\\\/berufliche-entwicklung\\\/\",\"name\":\"Berufliche Entwicklung - Fels Werke\",\"isPartOf\":{\"@id\":\"https:\\\/\\\/www.fels.de\\\/de\\\/#website\"},\"primaryImageOfPage\":{\"@id\":\"https:\\\/\\\/www.fels.de\\\/de\\\/karriere-ausbildung\\\/karriere\\\/berufliche-entwicklung\\\/#primaryimage\"},\"image\":{\"@id\":\"https:\\\/\\\/www.fels.de\\\/de\\\/karriere-ausbildung\\\/karriere\\\/berufliche-entwicklung\\\/#primaryimage\"},\"thumbnailUrl\":\"https:\\\/\\\/www.fels.de\\\/wp-content\\\/uploads\\\/2023\\\/12\\\/Fels_Leistungen_02_Berufliche_Entwicklung.jpg\",\"datePublished\":\"2023-12-22T14:48:34+00:00\",\"dateModified\":\"2024-03-04T09:28:57+00:00\",\"breadcrumb\":{\"@id\":\"https:\\\/\\\/www.fels.de\\\/de\\\/karriere-ausbildung\\\/karriere\\\/berufliche-entwicklung\\\/#breadcrumb\"},\"inLanguage\":\"de\",\"potentialAction\":[{\"@type\":\"ReadAction\",\"target\":[\"https:\\\/\\\/www.fels.de\\\/de\\\/karriere-ausbildung\\\/karriere\\\/berufliche-entwicklung\\\/\"]}]},{\"@type\":\"ImageObject\",\"inLanguage\":\"de\",\"@id\":\"https:\\\/\\\/www.fels.de\\\/de\\\/karriere-ausbildung\\\/karriere\\\/berufliche-entwicklung\\\/#primaryimage\",\"url\":\"https:\\\/\\\/www.fels.de\\\/wp-content\\\/uploads\\\/2023\\\/12\\\/Fels_Leistungen_02_Berufliche_Entwicklung.jpg\",\"contentUrl\":\"https:\\\/\\\/www.fels.de\\\/wp-content\\\/uploads\\\/2023\\\/12\\\/Fels_Leistungen_02_Berufliche_Entwicklung.jpg\",\"width\":2000,\"height\":1000},{\"@type\":\"BreadcrumbList\",\"@id\":\"https:\\\/\\\/www.fels.de\\\/de\\\/karriere-ausbildung\\\/karriere\\\/berufliche-entwicklung\\\/#breadcrumb\",\"itemListElement\":[{\"@type\":\"ListItem\",\"position\":1,\"name\":\"Karriere &#038; Ausbildung\",\"item\":\"https:\\\/\\\/www.fels.de\\\/de\\\/karriere-ausbildung\\\/\"},{\"@type\":\"ListItem\",\"position\":2,\"name\":\"Karriere\",\"item\":\"https:\\\/\\\/www.fels.de\\\/de\\\/karriere-ausbildung\\\/karriere\\\/\"},{\"@type\":\"ListItem\",\"position\":3,\"name\":\"Berufliche Entwicklung\"}]},{\"@type\":\"WebSite\",\"@id\":\"https:\\\/\\\/www.fels.de\\\/de\\\/#website\",\"url\":\"https:\\\/\\\/www.fels.de\\\/de\\\/\",\"name\":\"Fels Werke\",\"description\":\"\",\"publisher\":{\"@id\":\"https:\\\/\\\/www.fels.de\\\/de\\\/#organization\"},\"potentialAction\":[{\"@type\":\"SearchAction\",\"target\":{\"@type\":\"EntryPoint\",\"urlTemplate\":\"https:\\\/\\\/www.fels.de\\\/de\\\/?s={search_term_string}\"},\"query-input\":{\"@type\":\"PropertyValueSpecification\",\"valueRequired\":true,\"valueName\":\"search_term_string\"}}],\"inLanguage\":\"de\"},{\"@type\":\"Organization\",\"@id\":\"https:\\\/\\\/www.fels.de\\\/de\\\/#organization\",\"name\":\"Fels Vertriebs und Service GmbH & Co. KG\",\"url\":\"https:\\\/\\\/www.fels.de\\\/de\\\/\",\"logo\":{\"@type\":\"ImageObject\",\"inLanguage\":\"de\",\"@id\":\"https:\\\/\\\/www.fels.de\\\/de\\\/#\\\/schema\\\/logo\\\/image\\\/\",\"url\":\"https:\\\/\\\/www.fels.de\\\/wp-content\\\/uploads\\\/2023\\\/12\\\/Fels_Logo_de_rgb.svg\",\"contentUrl\":\"https:\\\/\\\/www.fels.de\\\/wp-content\\\/uploads\\\/2023\\\/12\\\/Fels_Logo_de_rgb.svg\",\"width\":\"1024\",\"height\":\"1024\",\"caption\":\"Fels Vertriebs und Service GmbH & Co. KG\"},\"image\":{\"@id\":\"https:\\\/\\\/www.fels.de\\\/de\\\/#\\\/schema\\\/logo\\\/image\\\/\"},\"sameAs\":[\"https:\\\/\\\/www.facebook.com\\\/FelsWerkeGmbH\\\/\",\"https:\\\/\\\/www.xing.com\\\/pages\\\/fels-werkegmbh\",\"https:\\\/\\\/www.youtube.com\\\/channel\\\/UCCMuLAEi1GZRT7B8S7IvHaA\",\"https:\\\/\\\/de.linkedin.com\\\/company\\\/fels-werke-gmbh\"]}]}<\/script>\n<!-- \/ Yoast SEO plugin. -->","yoast_head_json":{"title":"Berufliche Entwicklung - Fels Werke","robots":{"index":"index","follow":"follow","max-snippet":"max-snippet:-1","max-image-preview":"max-image-preview:large","max-video-preview":"max-video-preview:-1"},"canonical":"https:\/\/www.fels.de\/de\/karriere-ausbildung\/karriere\/berufliche-entwicklung\/","og_locale":"de_DE","og_type":"article","og_title":"Berufliche Entwicklung - Fels Werke","og_description":"Berufliche Entwicklung Unsere Mitarbeiter sind das Fundament des Unternehmens. Aus diesem Grund ist die F\u00f6rderung unserer Mitarbeiter durch gezielte Weiterbildungsma\u00dfnahmen au\u00dferordentlich wichtig. Mitarbeitergespr\u00e4che In regelm\u00e4\u00dfigen Mitarbeitergespr\u00e4chen werden Ma\u00dfnahmen zur fachlichen und pers\u00f6nlichen Entwicklung besprochen und festgehalten. Unser wichtigstes Anliegen ist es, unsere Mitarbeiter zielgerichtet und praxisbezogen zu f\u00f6rdern, um sie in die Prozessabl\u00e4ufe unseres Unternehmens [&hellip;]","og_url":"https:\/\/www.fels.de\/de\/karriere-ausbildung\/karriere\/berufliche-entwicklung\/","og_site_name":"Fels Werke","article_publisher":"https:\/\/www.facebook.com\/FelsWerkeGmbH\/","article_modified_time":"2024-03-04T09:28:57+00:00","og_image":[{"width":2000,"height":1000,"url":"https:\/\/www.fels.de\/wp-content\/uploads\/2023\/12\/Fels_Leistungen_02_Berufliche_Entwicklung.jpg","type":"image\/jpeg"}],"twitter_card":"summary_large_image","twitter_misc":{"Gesch\u00e4tzte Lesezeit":"2\u00a0Minuten"},"schema":{"@context":"https:\/\/schema.org","@graph":[{"@type":"WebPage","@id":"https:\/\/www.fels.de\/de\/karriere-ausbildung\/karriere\/berufliche-entwicklung\/","url":"https:\/\/www.fels.de\/de\/karriere-ausbildung\/karriere\/berufliche-entwicklung\/","name":"Berufliche Entwicklung - Fels Werke","isPartOf":{"@id":"https:\/\/www.fels.de\/de\/#website"},"primaryImageOfPage":{"@id":"https:\/\/www.fels.de\/de\/karriere-ausbildung\/karriere\/berufliche-entwicklung\/#primaryimage"},"image":{"@id":"https:\/\/www.fels.de\/de\/karriere-ausbildung\/karriere\/berufliche-entwicklung\/#primaryimage"},"thumbnailUrl":"https:\/\/www.fels.de\/wp-content\/uploads\/2023\/12\/Fels_Leistungen_02_Berufliche_Entwicklung.jpg","datePublished":"2023-12-22T14:48:34+00:00","dateModified":"2024-03-04T09:28:57+00:00","breadcrumb":{"@id":"https:\/\/www.fels.de\/de\/karriere-ausbildung\/karriere\/berufliche-entwicklung\/#breadcrumb"},"inLanguage":"de","potentialAction":[{"@type":"ReadAction","target":["https:\/\/www.fels.de\/de\/karriere-ausbildung\/karriere\/berufliche-entwicklung\/"]}]},{"@type":"ImageObject","inLanguage":"de","@id":"https:\/\/www.fels.de\/de\/karriere-ausbildung\/karriere\/berufliche-entwicklung\/#primaryimage","url":"https:\/\/www.fels.de\/wp-content\/uploads\/2023\/12\/Fels_Leistungen_02_Berufliche_Entwicklung.jpg","contentUrl":"https:\/\/www.fels.de\/wp-content\/uploads\/2023\/12\/Fels_Leistungen_02_Berufliche_Entwicklung.jpg","width":2000,"height":1000},{"@type":"BreadcrumbList","@id":"https:\/\/www.fels.de\/de\/karriere-ausbildung\/karriere\/berufliche-entwicklung\/#breadcrumb","itemListElement":[{"@type":"ListItem","position":1,"name":"Karriere &#038; Ausbildung","item":"https:\/\/www.fels.de\/de\/karriere-ausbildung\/"},{"@type":"ListItem","position":2,"name":"Karriere","item":"https:\/\/www.fels.de\/de\/karriere-ausbildung\/karriere\/"},{"@type":"ListItem","position":3,"name":"Berufliche Entwicklung"}]},{"@type":"WebSite","@id":"https:\/\/www.fels.de\/de\/#website","url":"https:\/\/www.fels.de\/de\/","name":"Fels Werke","description":"","publisher":{"@id":"https:\/\/www.fels.de\/de\/#organization"},"potentialAction":[{"@type":"SearchAction","target":{"@type":"EntryPoint","urlTemplate":"https:\/\/www.fels.de\/de\/?s={search_term_string}"},"query-input":{"@type":"PropertyValueSpecification","valueRequired":true,"valueName":"search_term_string"}}],"inLanguage":"de"},{"@type":"Organization","@id":"https:\/\/www.fels.de\/de\/#organization","name":"Fels Vertriebs und Service GmbH & Co. KG","url":"https:\/\/www.fels.de\/de\/","logo":{"@type":"ImageObject","inLanguage":"de","@id":"https:\/\/www.fels.de\/de\/#\/schema\/logo\/image\/","url":"https:\/\/www.fels.de\/wp-content\/uploads\/2023\/12\/Fels_Logo_de_rgb.svg","contentUrl":"https:\/\/www.fels.de\/wp-content\/uploads\/2023\/12\/Fels_Logo_de_rgb.svg","width":"1024","height":"1024","caption":"Fels Vertriebs und Service GmbH & Co. KG"},"image":{"@id":"https:\/\/www.fels.de\/de\/#\/schema\/logo\/image\/"},"sameAs":["https:\/\/www.facebook.com\/FelsWerkeGmbH\/","https:\/\/www.xing.com\/pages\/fels-werkegmbh","https:\/\/www.youtube.com\/channel\/UCCMuLAEi1GZRT7B8S7IvHaA","https:\/\/de.linkedin.com\/company\/fels-werke-gmbh"]}]}},"_links":{"self":[{"href":"https:\/\/www.fels.de\/de\/wp-json\/wp\/v2\/pages\/1570","targetHints":{"allow":["GET"]}}],"collection":[{"href":"https:\/\/www.fels.de\/de\/wp-json\/wp\/v2\/pages"}],"about":[{"href":"https:\/\/www.fels.de\/de\/wp-json\/wp\/v2\/types\/page"}],"author":[{"embeddable":true,"href":"https:\/\/www.fels.de\/de\/wp-json\/wp\/v2\/users\/1"}],"replies":[{"embeddable":true,"href":"https:\/\/www.fels.de\/de\/wp-json\/wp\/v2\/comments?post=1570"}],"version-history":[{"count":13,"href":"https:\/\/www.fels.de\/de\/wp-json\/wp\/v2\/pages\/1570\/revisions"}],"predecessor-version":[{"id":2309,"href":"https:\/\/www.fels.de\/de\/wp-json\/wp\/v2\/pages\/1570\/revisions\/2309"}],"up":[{"embeddable":true,"href":"https:\/\/www.fels.de\/de\/wp-json\/wp\/v2\/pages\/1648"}],"wp:featuredmedia":[{"embeddable":true,"href":"https:\/\/www.fels.de\/de\/wp-json\/wp\/v2\/media\/1600"}],"wp:attachment":[{"href":"https:\/\/www.fels.de\/de\/wp-json\/wp\/v2\/media?parent=1570"}],"curies":[{"name":"wp","href":"https:\/\/api.w.org\/{rel}","templated":true}]}}