{"id":1574,"date":"2023-12-22T14:49:30","date_gmt":"2023-12-22T14:49:30","guid":{"rendered":"https:\/\/www.fels.de\/?page_id=1574"},"modified":"2024-03-04T09:29:41","modified_gmt":"2024-03-04T09:29:41","slug":"familie-beruf","status":"publish","type":"page","link":"https:\/\/www.fels.de\/de\/karriere-ausbildung\/karriere\/familie-beruf\/","title":{"rendered":"Familie &#038; Beruf"},"content":{"rendered":"<div class=\"yoast-breadcrumbs\"><span><span><a href=\"https:\/\/www.fels.de\/de\/karriere-ausbildung\/\">Karriere &#038; Ausbildung<\/a><\/span> \/ <span><a href=\"https:\/\/www.fels.de\/de\/karriere-ausbildung\/karriere\/\">Karriere<\/a><\/span> \/ <span class=\"breadcrumb_last\" aria-current=\"page\">Familie &#038; Beruf<\/span><\/span><\/div>\n\n\n<div class=\"wp-block-group is-layout-constrained wp-container-core-group-is-layout-fbfc87ba wp-block-group-is-layout-constrained\">\n<div style=\"height:50px\" aria-hidden=\"true\" class=\"wp-block-spacer\"><\/div>\n\n\n\n<h1 class=\"wp-block-heading\">Familie &amp; Beruf<\/h1>\n\n\n\n<h3 class=\"wp-block-heading\">Kinderbetreuung pme<\/h3>\n\n\n\n<p>Durch unsere Kooperation mit pme&nbsp; wird eine l\u00f6sungsorientierte Beratung angeboten, die zur Wahl der richtigen Betreuungsform f\u00fcr die Kinder unserer Mitarbeiter und durch die Vermittlung einer passenden Kinderbetreuungsl\u00f6sung Beihilfe leistet. Bei Betreuungsengp\u00e4ssen ist der Service \u00fcber eine Hotline erreichbar und vermittelt kurzfristige Notbetreuung.<\/p>\n\n\n\n<div style=\"height:10px\" aria-hidden=\"true\" class=\"wp-block-spacer\"><\/div>\n\n\n\n<h3 class=\"wp-block-heading\">Unterst\u00fctzung bei Angeh\u00f6rigenpflege<\/h3>\n\n\n\n<p>Im unerwarteten Fall, dass ein Angeh\u00f6riger unserer Mitarbeiter Pflege bedarf, k\u00f6nnen sie sich von der Arbeit freistellen lassen, um die n\u00f6tige pflegerische Betreuung zu organisieren. pme hilft ihnen dabei und unterst\u00fctzt bei der Suche nach Pflegepersonal.<\/p>\n\n\n\n<div style=\"height:10px\" aria-hidden=\"true\" class=\"wp-block-spacer\"><\/div>\n\n\n\n<h3 class=\"wp-block-heading\">Mobiles Arbeiten<\/h3>\n\n\n\n<p>Damit unsere Mitarbeiter ihre Familie bestm\u00f6glich mit dem Beruf vereinbaren k\u00f6nnen, gibt es bei Fels in Abh\u00e4ngigkeit von der ausge\u00fcbten Stelle, die M\u00f6glichkeit des mobilen Arbeitens. Hierbei wird unter Beachtung der tariflichen und betriebsinternen Bestimmungen, eine flexible Gestaltung der Arbeitszeit gew\u00e4hrleistet, denn Besch\u00e4ftigte, die bei der Vereinbarkeit von Familie und Beruf unterst\u00fctzt werden, sind zufriedener und motivierter.<\/p>\n\n\n\n<div style=\"height:10px\" aria-hidden=\"true\" class=\"wp-block-spacer\"><\/div>\n\n\n\n<h3 class=\"wp-block-heading\">Familienfreundlichkeit<\/h3>\n\n\n\n<p>Fels bietet dar\u00fcber hinaus Unterst\u00fctzung bei der Durchsetzung der Elternzeit f\u00fcr V\u00e4ter. Wir m\u00f6chten Familien die M\u00f6glichkeit geben ihre Zeit gemeinsam zu genie\u00dfen.<\/p>\n\n\n\n<div style=\"height:10px\" aria-hidden=\"true\" class=\"wp-block-spacer\"><\/div>\n\n\n\n<h3 class=\"wp-block-heading\">Gleitzeit<\/h3>\n\n\n\n<p>Wir bieten, je nach geltendem Tarifvertrag, familienfreundliche Arbeitszeitmodelle an. Wenn man z.B. ein Projekt fertigstellen m\u00f6chte oder einfach mal etwas sp\u00e4ter zur Arbeit erscheinen m\u00f6chte, ist das kein Problem. Die individuelle und flexible Gestaltung, der Arbeitszeit vereinfacht es, die Arbeit mit dem Privatleben zu vereinbaren.<\/p>\n\n\n\n<p><\/p>\n<\/div>\n\n\n\n<div id=\"weitere-themen\" class=\"wp-block-group is-layout-constrained wp-container-core-group-is-layout-73c6c5f8 wp-block-group-is-layout-constrained\">\n<div style=\"height:140px\" aria-hidden=\"true\" class=\"wp-block-spacer\"><\/div>\n\n\n\n<h3 class=\"wp-block-heading\">Diese Themen k\u00f6nnten Sie interessieren<\/h3>\n\n\n<div class=\"lazyblock-read-more-Z25yqqO wp-block-lazyblock-read-more\"><div class=\"fels-read-more-links\"><div class=\"fels-read-more-links--item\"><a href=\"https:\/\/www.fels.de\/de\/nachhaltigkeit\"><img loading=\"lazy\" decoding=\"async\" width=\"300\" height=\"300\" src=\"https:\/\/www.fels.de\/wp-content\/uploads\/2023\/12\/Fels_Linktitel_02_Nachhaltigkeit-300x300.jpg\" class=\"attachment-medium size-medium\" alt=\"\" srcset=\"https:\/\/www.fels.de\/wp-content\/uploads\/2023\/12\/Fels_Linktitel_02_Nachhaltigkeit-300x300.jpg 300w, https:\/\/www.fels.de\/wp-content\/uploads\/2023\/12\/Fels_Linktitel_02_Nachhaltigkeit-150x150.jpg 150w, https:\/\/www.fels.de\/wp-content\/uploads\/2023\/12\/Fels_Linktitel_02_Nachhaltigkeit.jpg 400w\" sizes=\"auto, (max-width: 300px) 100vw, 300px\" \/>    <p>Nachhaltigkeit<\/p><h3>Generationengerecht und umweltfreundlich<\/h3><\/a><\/div><div class=\"fels-read-more-links--item\"><a href=\"https:\/\/www.fels.de\/de\/produkte\"><img loading=\"lazy\" decoding=\"async\" width=\"300\" height=\"300\" src=\"https:\/\/www.fels.de\/wp-content\/uploads\/2023\/12\/Fels_Linktitel_03_Produkte-300x300.jpg\" class=\"attachment-medium size-medium\" alt=\"\" srcset=\"https:\/\/www.fels.de\/wp-content\/uploads\/2023\/12\/Fels_Linktitel_03_Produkte-300x300.jpg 300w, https:\/\/www.fels.de\/wp-content\/uploads\/2023\/12\/Fels_Linktitel_03_Produkte-150x150.jpg 150w, https:\/\/www.fels.de\/wp-content\/uploads\/2023\/12\/Fels_Linktitel_03_Produkte.jpg 400w\" sizes=\"auto, (max-width: 300px) 100vw, 300px\" \/>    <p>Produkte<\/p><h3>Ein Stein, viele Facetten<\/h3><\/a><\/div><div class=\"fels-read-more-links--item\"><a href=\"https:\/\/www.fels.de\/de\/anwendungen\"><img loading=\"lazy\" decoding=\"async\" width=\"300\" height=\"300\" src=\"https:\/\/www.fels.de\/wp-content\/uploads\/2023\/12\/Fels_Linktitel_04_Anwendungen-300x300.jpg\" class=\"attachment-medium size-medium\" alt=\"\" srcset=\"https:\/\/www.fels.de\/wp-content\/uploads\/2023\/12\/Fels_Linktitel_04_Anwendungen-300x300.jpg 300w, https:\/\/www.fels.de\/wp-content\/uploads\/2023\/12\/Fels_Linktitel_04_Anwendungen-150x150.jpg 150w, https:\/\/www.fels.de\/wp-content\/uploads\/2023\/12\/Fels_Linktitel_04_Anwendungen.jpg 400w\" sizes=\"auto, (max-width: 300px) 100vw, 300px\" \/>    <p>Anwendungen<\/p><h3>Vielf\u00e4ltige M\u00f6glichkeiten<\/h3><\/a><\/div><div class=\"fels-read-more-links--item\"><a href=\"https:\/\/www.fels.de\/de\/karriere-ausbildung\/\"><img loading=\"lazy\" decoding=\"async\" width=\"300\" height=\"300\" src=\"https:\/\/www.fels.de\/wp-content\/uploads\/2023\/12\/Fels_Linktitel_05_Karriere_Ausbildung-300x300.jpg\" class=\"attachment-medium size-medium\" alt=\"\" srcset=\"https:\/\/www.fels.de\/wp-content\/uploads\/2023\/12\/Fels_Linktitel_05_Karriere_Ausbildung-300x300.jpg 300w, https:\/\/www.fels.de\/wp-content\/uploads\/2023\/12\/Fels_Linktitel_05_Karriere_Ausbildung-150x150.jpg 150w, https:\/\/www.fels.de\/wp-content\/uploads\/2023\/12\/Fels_Linktitel_05_Karriere_Ausbildung.jpg 400w\" sizes=\"auto, (max-width: 300px) 100vw, 300px\" \/>    <p>Karriere &#038; Ausbildungen<\/p><h3>Offene Stellen bei Fels<\/h3><\/a><\/div><\/div><\/div>\n\n\n<div style=\"height:140px\" aria-hidden=\"true\" class=\"wp-block-spacer\"><\/div>\n<\/div>\n","protected":false},"excerpt":{"rendered":"<p>Familie &amp; Beruf Kinderbetreuung pme Durch unsere Kooperation mit pme&nbsp; wird eine l\u00f6sungsorientierte Beratung angeboten, die zur Wahl der richtigen Betreuungsform f\u00fcr die Kinder unserer Mitarbeiter und durch die Vermittlung einer passenden Kinderbetreuungsl\u00f6sung Beihilfe leistet. Bei Betreuungsengp\u00e4ssen ist der Service \u00fcber eine Hotline erreichbar und vermittelt kurzfristige Notbetreuung. Unterst\u00fctzung bei Angeh\u00f6rigenpflege Im unerwarteten Fall, dass [&hellip;]<\/p>\n","protected":false},"author":1,"featured_media":1602,"parent":1648,"menu_order":0,"comment_status":"closed","ping_status":"closed","template":"hero_image.tpl.php","meta":{"_acf_changed":false,"inline_featured_image":false,"footnotes":""},"class_list":["post-1574","page","type-page","status-publish","has-post-thumbnail","hentry"],"acf":[],"yoast_head":"<!-- This site is optimized with the Yoast SEO plugin v27.4 - https:\/\/yoast.com\/product\/yoast-seo-wordpress\/ -->\n<title>Familie &amp; Beruf - Fels Werke<\/title>\n<meta name=\"robots\" content=\"index, follow, max-snippet:-1, max-image-preview:large, max-video-preview:-1\" \/>\n<link rel=\"canonical\" href=\"https:\/\/www.fels.de\/de\/karriere-ausbildung\/karriere\/familie-beruf\/\" \/>\n<meta property=\"og:locale\" content=\"de_DE\" \/>\n<meta property=\"og:type\" content=\"article\" \/>\n<meta property=\"og:title\" content=\"Familie &amp; Beruf - Fels Werke\" \/>\n<meta property=\"og:description\" content=\"Familie &amp; Beruf Kinderbetreuung pme Durch unsere Kooperation mit pme&nbsp; wird eine l\u00f6sungsorientierte Beratung angeboten, die zur Wahl der richtigen Betreuungsform f\u00fcr die Kinder unserer Mitarbeiter und durch die Vermittlung einer passenden Kinderbetreuungsl\u00f6sung Beihilfe leistet. Bei Betreuungsengp\u00e4ssen ist der Service \u00fcber eine Hotline erreichbar und vermittelt kurzfristige Notbetreuung. Unterst\u00fctzung bei Angeh\u00f6rigenpflege Im unerwarteten Fall, dass [&hellip;]\" \/>\n<meta property=\"og:url\" content=\"https:\/\/www.fels.de\/de\/karriere-ausbildung\/karriere\/familie-beruf\/\" \/>\n<meta property=\"og:site_name\" content=\"Fels Werke\" \/>\n<meta property=\"article:publisher\" content=\"https:\/\/www.facebook.com\/FelsWerkeGmbH\/\" \/>\n<meta property=\"article:modified_time\" content=\"2024-03-04T09:29:41+00:00\" \/>\n<meta property=\"og:image\" content=\"https:\/\/www.fels.de\/wp-content\/uploads\/2023\/12\/Fels_Leistungen_03_Familie_Beruf.jpg\" \/>\n\t<meta property=\"og:image:width\" content=\"2000\" \/>\n\t<meta property=\"og:image:height\" content=\"1000\" \/>\n\t<meta property=\"og:image:type\" content=\"image\/jpeg\" \/>\n<meta name=\"twitter:card\" content=\"summary_large_image\" \/>\n<meta name=\"twitter:label1\" content=\"Gesch\u00e4tzte Lesezeit\" \/>\n\t<meta name=\"twitter:data1\" content=\"2\u00a0Minuten\" \/>\n<script type=\"application\/ld+json\" class=\"yoast-schema-graph\">{\"@context\":\"https:\\\/\\\/schema.org\",\"@graph\":[{\"@type\":\"WebPage\",\"@id\":\"https:\\\/\\\/www.fels.de\\\/de\\\/karriere-ausbildung\\\/karriere\\\/familie-beruf\\\/\",\"url\":\"https:\\\/\\\/www.fels.de\\\/de\\\/karriere-ausbildung\\\/karriere\\\/familie-beruf\\\/\",\"name\":\"Familie & Beruf - Fels Werke\",\"isPartOf\":{\"@id\":\"https:\\\/\\\/www.fels.de\\\/de\\\/#website\"},\"primaryImageOfPage\":{\"@id\":\"https:\\\/\\\/www.fels.de\\\/de\\\/karriere-ausbildung\\\/karriere\\\/familie-beruf\\\/#primaryimage\"},\"image\":{\"@id\":\"https:\\\/\\\/www.fels.de\\\/de\\\/karriere-ausbildung\\\/karriere\\\/familie-beruf\\\/#primaryimage\"},\"thumbnailUrl\":\"https:\\\/\\\/www.fels.de\\\/wp-content\\\/uploads\\\/2023\\\/12\\\/Fels_Leistungen_03_Familie_Beruf.jpg\",\"datePublished\":\"2023-12-22T14:49:30+00:00\",\"dateModified\":\"2024-03-04T09:29:41+00:00\",\"breadcrumb\":{\"@id\":\"https:\\\/\\\/www.fels.de\\\/de\\\/karriere-ausbildung\\\/karriere\\\/familie-beruf\\\/#breadcrumb\"},\"inLanguage\":\"de\",\"potentialAction\":[{\"@type\":\"ReadAction\",\"target\":[\"https:\\\/\\\/www.fels.de\\\/de\\\/karriere-ausbildung\\\/karriere\\\/familie-beruf\\\/\"]}]},{\"@type\":\"ImageObject\",\"inLanguage\":\"de\",\"@id\":\"https:\\\/\\\/www.fels.de\\\/de\\\/karriere-ausbildung\\\/karriere\\\/familie-beruf\\\/#primaryimage\",\"url\":\"https:\\\/\\\/www.fels.de\\\/wp-content\\\/uploads\\\/2023\\\/12\\\/Fels_Leistungen_03_Familie_Beruf.jpg\",\"contentUrl\":\"https:\\\/\\\/www.fels.de\\\/wp-content\\\/uploads\\\/2023\\\/12\\\/Fels_Leistungen_03_Familie_Beruf.jpg\",\"width\":2000,\"height\":1000},{\"@type\":\"BreadcrumbList\",\"@id\":\"https:\\\/\\\/www.fels.de\\\/de\\\/karriere-ausbildung\\\/karriere\\\/familie-beruf\\\/#breadcrumb\",\"itemListElement\":[{\"@type\":\"ListItem\",\"position\":1,\"name\":\"Karriere &#038; Ausbildung\",\"item\":\"https:\\\/\\\/www.fels.de\\\/de\\\/karriere-ausbildung\\\/\"},{\"@type\":\"ListItem\",\"position\":2,\"name\":\"Karriere\",\"item\":\"https:\\\/\\\/www.fels.de\\\/de\\\/karriere-ausbildung\\\/karriere\\\/\"},{\"@type\":\"ListItem\",\"position\":3,\"name\":\"Familie &#038; Beruf\"}]},{\"@type\":\"WebSite\",\"@id\":\"https:\\\/\\\/www.fels.de\\\/de\\\/#website\",\"url\":\"https:\\\/\\\/www.fels.de\\\/de\\\/\",\"name\":\"Fels Werke\",\"description\":\"\",\"publisher\":{\"@id\":\"https:\\\/\\\/www.fels.de\\\/de\\\/#organization\"},\"potentialAction\":[{\"@type\":\"SearchAction\",\"target\":{\"@type\":\"EntryPoint\",\"urlTemplate\":\"https:\\\/\\\/www.fels.de\\\/de\\\/?s={search_term_string}\"},\"query-input\":{\"@type\":\"PropertyValueSpecification\",\"valueRequired\":true,\"valueName\":\"search_term_string\"}}],\"inLanguage\":\"de\"},{\"@type\":\"Organization\",\"@id\":\"https:\\\/\\\/www.fels.de\\\/de\\\/#organization\",\"name\":\"Fels Vertriebs und Service GmbH & Co. KG\",\"url\":\"https:\\\/\\\/www.fels.de\\\/de\\\/\",\"logo\":{\"@type\":\"ImageObject\",\"inLanguage\":\"de\",\"@id\":\"https:\\\/\\\/www.fels.de\\\/de\\\/#\\\/schema\\\/logo\\\/image\\\/\",\"url\":\"https:\\\/\\\/www.fels.de\\\/wp-content\\\/uploads\\\/2023\\\/12\\\/Fels_Logo_de_rgb.svg\",\"contentUrl\":\"https:\\\/\\\/www.fels.de\\\/wp-content\\\/uploads\\\/2023\\\/12\\\/Fels_Logo_de_rgb.svg\",\"width\":\"1024\",\"height\":\"1024\",\"caption\":\"Fels Vertriebs und Service GmbH & Co. KG\"},\"image\":{\"@id\":\"https:\\\/\\\/www.fels.de\\\/de\\\/#\\\/schema\\\/logo\\\/image\\\/\"},\"sameAs\":[\"https:\\\/\\\/www.facebook.com\\\/FelsWerkeGmbH\\\/\",\"https:\\\/\\\/www.xing.com\\\/pages\\\/fels-werkegmbh\",\"https:\\\/\\\/www.youtube.com\\\/channel\\\/UCCMuLAEi1GZRT7B8S7IvHaA\",\"https:\\\/\\\/de.linkedin.com\\\/company\\\/fels-werke-gmbh\"]}]}<\/script>\n<!-- \/ Yoast SEO plugin. -->","yoast_head_json":{"title":"Familie & Beruf - Fels Werke","robots":{"index":"index","follow":"follow","max-snippet":"max-snippet:-1","max-image-preview":"max-image-preview:large","max-video-preview":"max-video-preview:-1"},"canonical":"https:\/\/www.fels.de\/de\/karriere-ausbildung\/karriere\/familie-beruf\/","og_locale":"de_DE","og_type":"article","og_title":"Familie & Beruf - Fels Werke","og_description":"Familie &amp; Beruf Kinderbetreuung pme Durch unsere Kooperation mit pme&nbsp; wird eine l\u00f6sungsorientierte Beratung angeboten, die zur Wahl der richtigen Betreuungsform f\u00fcr die Kinder unserer Mitarbeiter und durch die Vermittlung einer passenden Kinderbetreuungsl\u00f6sung Beihilfe leistet. Bei Betreuungsengp\u00e4ssen ist der Service \u00fcber eine Hotline erreichbar und vermittelt kurzfristige Notbetreuung. Unterst\u00fctzung bei Angeh\u00f6rigenpflege Im unerwarteten Fall, dass [&hellip;]","og_url":"https:\/\/www.fels.de\/de\/karriere-ausbildung\/karriere\/familie-beruf\/","og_site_name":"Fels Werke","article_publisher":"https:\/\/www.facebook.com\/FelsWerkeGmbH\/","article_modified_time":"2024-03-04T09:29:41+00:00","og_image":[{"width":2000,"height":1000,"url":"https:\/\/www.fels.de\/wp-content\/uploads\/2023\/12\/Fels_Leistungen_03_Familie_Beruf.jpg","type":"image\/jpeg"}],"twitter_card":"summary_large_image","twitter_misc":{"Gesch\u00e4tzte Lesezeit":"2\u00a0Minuten"},"schema":{"@context":"https:\/\/schema.org","@graph":[{"@type":"WebPage","@id":"https:\/\/www.fels.de\/de\/karriere-ausbildung\/karriere\/familie-beruf\/","url":"https:\/\/www.fels.de\/de\/karriere-ausbildung\/karriere\/familie-beruf\/","name":"Familie & Beruf - Fels Werke","isPartOf":{"@id":"https:\/\/www.fels.de\/de\/#website"},"primaryImageOfPage":{"@id":"https:\/\/www.fels.de\/de\/karriere-ausbildung\/karriere\/familie-beruf\/#primaryimage"},"image":{"@id":"https:\/\/www.fels.de\/de\/karriere-ausbildung\/karriere\/familie-beruf\/#primaryimage"},"thumbnailUrl":"https:\/\/www.fels.de\/wp-content\/uploads\/2023\/12\/Fels_Leistungen_03_Familie_Beruf.jpg","datePublished":"2023-12-22T14:49:30+00:00","dateModified":"2024-03-04T09:29:41+00:00","breadcrumb":{"@id":"https:\/\/www.fels.de\/de\/karriere-ausbildung\/karriere\/familie-beruf\/#breadcrumb"},"inLanguage":"de","potentialAction":[{"@type":"ReadAction","target":["https:\/\/www.fels.de\/de\/karriere-ausbildung\/karriere\/familie-beruf\/"]}]},{"@type":"ImageObject","inLanguage":"de","@id":"https:\/\/www.fels.de\/de\/karriere-ausbildung\/karriere\/familie-beruf\/#primaryimage","url":"https:\/\/www.fels.de\/wp-content\/uploads\/2023\/12\/Fels_Leistungen_03_Familie_Beruf.jpg","contentUrl":"https:\/\/www.fels.de\/wp-content\/uploads\/2023\/12\/Fels_Leistungen_03_Familie_Beruf.jpg","width":2000,"height":1000},{"@type":"BreadcrumbList","@id":"https:\/\/www.fels.de\/de\/karriere-ausbildung\/karriere\/familie-beruf\/#breadcrumb","itemListElement":[{"@type":"ListItem","position":1,"name":"Karriere &#038; Ausbildung","item":"https:\/\/www.fels.de\/de\/karriere-ausbildung\/"},{"@type":"ListItem","position":2,"name":"Karriere","item":"https:\/\/www.fels.de\/de\/karriere-ausbildung\/karriere\/"},{"@type":"ListItem","position":3,"name":"Familie &#038; Beruf"}]},{"@type":"WebSite","@id":"https:\/\/www.fels.de\/de\/#website","url":"https:\/\/www.fels.de\/de\/","name":"Fels Werke","description":"","publisher":{"@id":"https:\/\/www.fels.de\/de\/#organization"},"potentialAction":[{"@type":"SearchAction","target":{"@type":"EntryPoint","urlTemplate":"https:\/\/www.fels.de\/de\/?s={search_term_string}"},"query-input":{"@type":"PropertyValueSpecification","valueRequired":true,"valueName":"search_term_string"}}],"inLanguage":"de"},{"@type":"Organization","@id":"https:\/\/www.fels.de\/de\/#organization","name":"Fels Vertriebs und Service GmbH & Co. KG","url":"https:\/\/www.fels.de\/de\/","logo":{"@type":"ImageObject","inLanguage":"de","@id":"https:\/\/www.fels.de\/de\/#\/schema\/logo\/image\/","url":"https:\/\/www.fels.de\/wp-content\/uploads\/2023\/12\/Fels_Logo_de_rgb.svg","contentUrl":"https:\/\/www.fels.de\/wp-content\/uploads\/2023\/12\/Fels_Logo_de_rgb.svg","width":"1024","height":"1024","caption":"Fels Vertriebs und Service GmbH & Co. KG"},"image":{"@id":"https:\/\/www.fels.de\/de\/#\/schema\/logo\/image\/"},"sameAs":["https:\/\/www.facebook.com\/FelsWerkeGmbH\/","https:\/\/www.xing.com\/pages\/fels-werkegmbh","https:\/\/www.youtube.com\/channel\/UCCMuLAEi1GZRT7B8S7IvHaA","https:\/\/de.linkedin.com\/company\/fels-werke-gmbh"]}]}},"_links":{"self":[{"href":"https:\/\/www.fels.de\/de\/wp-json\/wp\/v2\/pages\/1574","targetHints":{"allow":["GET"]}}],"collection":[{"href":"https:\/\/www.fels.de\/de\/wp-json\/wp\/v2\/pages"}],"about":[{"href":"https:\/\/www.fels.de\/de\/wp-json\/wp\/v2\/types\/page"}],"author":[{"embeddable":true,"href":"https:\/\/www.fels.de\/de\/wp-json\/wp\/v2\/users\/1"}],"replies":[{"embeddable":true,"href":"https:\/\/www.fels.de\/de\/wp-json\/wp\/v2\/comments?post=1574"}],"version-history":[{"count":5,"href":"https:\/\/www.fels.de\/de\/wp-json\/wp\/v2\/pages\/1574\/revisions"}],"predecessor-version":[{"id":2310,"href":"https:\/\/www.fels.de\/de\/wp-json\/wp\/v2\/pages\/1574\/revisions\/2310"}],"up":[{"embeddable":true,"href":"https:\/\/www.fels.de\/de\/wp-json\/wp\/v2\/pages\/1648"}],"wp:featuredmedia":[{"embeddable":true,"href":"https:\/\/www.fels.de\/de\/wp-json\/wp\/v2\/media\/1602"}],"wp:attachment":[{"href":"https:\/\/www.fels.de\/de\/wp-json\/wp\/v2\/media?parent=1574"}],"curies":[{"name":"wp","href":"https:\/\/api.w.org\/{rel}","templated":true}]}}