{"id":1576,"date":"2023-12-22T14:50:05","date_gmt":"2023-12-22T14:50:05","guid":{"rendered":"https:\/\/www.fels.de\/?page_id=1576"},"modified":"2026-03-12T09:14:41","modified_gmt":"2026-03-12T09:14:41","slug":"betriebliches-gesundheitsmanagement","status":"publish","type":"page","link":"https:\/\/www.fels.de\/de\/karriere-ausbildung\/karriere\/betriebliches-gesundheitsmanagement\/","title":{"rendered":"Betriebliches Gesundheitsmanagement"},"content":{"rendered":"<div class=\"yoast-breadcrumbs\"><span><span><a href=\"https:\/\/www.fels.de\/de\/karriere-ausbildung\/\">Karriere &#038; Ausbildung<\/a><\/span> \/ <span><a href=\"https:\/\/www.fels.de\/de\/karriere-ausbildung\/karriere\/\">Karriere<\/a><\/span> \/ <span class=\"breadcrumb_last\" aria-current=\"page\">Betriebliches Gesundheitsmanagement<\/span><\/span><\/div>\n\n\n<div class=\"wp-block-group is-layout-constrained wp-container-core-group-is-layout-fbfc87ba wp-block-group-is-layout-constrained\">\n<div style=\"height:50px\" aria-hidden=\"true\" class=\"wp-block-spacer\"><\/div>\n\n\n\n<h1 class=\"wp-block-heading\"><strong>Betriebliches Gesundheitsmanagement<\/strong><\/h1>\n\n\n\n<div style=\"height:10px\" aria-hidden=\"true\" class=\"wp-block-spacer\"><\/div>\n\n\n\n<h3 class=\"wp-block-heading\">Arbeitssicherheits-, Gesundheits- und Umweltausschuss<\/h3>\n\n\n\n<p>Der Ausschuss behandelt aktuelle Themen der Bereiche Arbeitssicherheit und Gesundheitsf\u00f6rderung. Im Rat sind Arbeitssicherheitsfachkr\u00e4fte, der Betriebsarzt, Betriebsratsmitglieder sowie der Personalleiter vertreten.<\/p>\n\n\n\n<div style=\"height:10px\" aria-hidden=\"true\" class=\"wp-block-spacer\"><\/div>\n\n\n\n<h3 class=\"wp-block-heading\">BKK Salzgitter<\/h3>\n\n\n\n<p>Um unsere Mitarbeiter fit und gesund zu halten, bieten wir an den verschiedenen Standorten, mit unseren Kooperationspartnern von der BKK Salzgitter, zu deren Tr\u00e4gerunternehmen wir geh\u00f6ren, diverse Gesundheitsaktionen an. Ein Ansprechpartner f\u00fchrt regelm\u00e4\u00dfig sogenannte Sprechtage an unseren Standorten durch, an denen offene Fragen gekl\u00e4rt werden k\u00f6nnen. Durch die Kooperation haben BKK Versicherte die M\u00f6glichkeit eine Bonuszahlung durch die Teilnahme an den Gesundheitsma\u00dfnahmen in H\u00f6he von bis zu 160 Euro im Jahr zu erhalten.<\/p>\n\n\n\n<div style=\"height:10px\" aria-hidden=\"true\" class=\"wp-block-spacer\"><\/div>\n\n\n\n<div style=\"height:10px\" aria-hidden=\"true\" class=\"wp-block-spacer\"><\/div>\n\n\n\n<h3 class=\"wp-block-heading\">Betriebsvereinbarung zur betrieblichen Gesundheitsf\u00f6rderung<\/h3>\n\n\n\n<p>Die Vereinbarung hat das Ziel, den Gesundheitszustand unserer Mitarbeiter zu erhalten oder zu verbessern. Durch das Angebot von regelm\u00e4\u00dfigen Gesundheitsma\u00dfnahmen, die w\u00e4hrend der Arbeitszeit stattfinden und deren Teilnahme freiwillig ist, findet eine Sensibilisierung f\u00fcr gesundheitsf\u00f6rderndes Verhalten statt. Wir bei Fels sind der festen \u00dcberzeugung, dass die Gesundheit der Mitarbeitenden zur F\u00fchrungsaufgabe geh\u00f6rt. Daher ist \u201eF\u00fchrung und Gesundheit\u201c ein fester Bestandteil in unserer F\u00fchrungskr\u00e4fteentwicklung.<\/p>\n\n\n\n<div style=\"height:10px\" aria-hidden=\"true\" class=\"wp-block-spacer\"><\/div>\n\n\n\n<h3 class=\"wp-block-heading\">Betriebliches Eingliederungsmanagement<\/h3>\n\n\n\n<p>Nach l\u00e4ngerem Arbeitsausfall, wird eine reibungslose Wiedereingliederung in den Arbeitsalltag gew\u00e4hrleistet. Als Arbeitgeber ist es unsere Aufgabe und ein Bed\u00fcrfnis, Arbeitsunf\u00e4higkeit der Besch\u00e4ftigten unseres Betriebes m\u00f6glichst zu \u00fcberwinden, erneuter Arbeitsunf\u00e4higkeit vorzubeugen und den Arbeitsplatz des betroffenen Besch\u00e4ftigten im Einzelfall zu erhalten.<\/p>\n\n\n\n<div style=\"height:10px\" aria-hidden=\"true\" class=\"wp-block-spacer\"><\/div>\n\n\n\n<h3 class=\"wp-block-heading\">Arbeitsmedizinische Vorsorge und regelm\u00e4\u00dfige Gesundheits-Check-Ups<\/h3>\n\n\n\n<p>Durch unseren Betriebsarzt werden nicht nur regelm\u00e4\u00dfige gesetzliche Vorsorgeuntersuchungen an unseren Standorten durchgef\u00fchrt, sondern auch dar\u00fcberhinausgehende Pr\u00e4ventionsma\u00dfnahmen, um das Wohlergehen unserer Mitarbeiter zu gew\u00e4hrleisten. Durch Arbeitsplatzbegehungen profitieren unsere Mitarbeiter von vermittelten Informationen wie z.B. \u00fcber das Thema Ergonomie. Bei Suchtproblemen stehen wir unseren Mitarbeitern mit Rat und Tat, im Rahmen der geltenden Gesamtbetriebsvereinbarung, zur Verf\u00fcgung.<\/p>\n\n\n\n<div style=\"height:10px\" aria-hidden=\"true\" class=\"wp-block-spacer\"><\/div>\n\n\n\n<h3 class=\"wp-block-heading\">Voiio \u2013 Beruf und Privatleben ganzheitlich unterst\u00fctzt<\/h3>\n\n\n\n<p>Dank unserer Kooperation mit Voiio schaffen wir f\u00fcr unsere Mitarbeitenden eine echte Entlastung \u2013 sowohl beruflich als auch privat. Die Online-Angebote erstrecken sich von der psychologischen Beratung, der Facharztvermittlung, Sport- und Entspannungskursen \u00fcber die Kinderakademie bis hin zu informativen Vortr\u00e4gen, Gruppencoachings, Nachhilfeangeboten und kostenlosen Eintritten f\u00fcr Freizeitaktivit\u00e4ten. Alle Fels-Mitarbeitenden sowie nahe Angeh\u00f6rige k\u00f6nnen dieses Angebot uneingeschr\u00e4nkt und kostenlos und vor allem anonym nutzen.<\/p>\n\n\n\n<h3 class=\"wp-block-heading\">AzubiFit<\/h3>\n\n\n\n<p>Fels m\u00f6chte die sportliche Bet\u00e4tigung seiner Auszubildenden f\u00f6rdern und gew\u00e4hrt ihnen einen monatlichen Zuschuss &nbsp;zur Finanzierung der Mitgliedschaft im Sportverein bzw. im Fitnessstudio.<\/p>\n<\/div>\n\n\n\n<div id=\"weitere-themen\" class=\"wp-block-group is-layout-constrained wp-container-core-group-is-layout-73c6c5f8 wp-block-group-is-layout-constrained\">\n<div style=\"height:140px\" aria-hidden=\"true\" class=\"wp-block-spacer\"><\/div>\n\n\n\n<h3 class=\"wp-block-heading\">Diese Themen k\u00f6nnten Sie interessieren<\/h3>\n\n\n<div class=\"lazyblock-read-more-Z25yqqO wp-block-lazyblock-read-more\"><div class=\"fels-read-more-links\"><div class=\"fels-read-more-links--item\"><a href=\"https:\/\/www.fels.de\/de\/nachhaltigkeit\"><img loading=\"lazy\" decoding=\"async\" width=\"300\" height=\"300\" src=\"https:\/\/www.fels.de\/wp-content\/uploads\/2023\/12\/Fels_Linktitel_02_Nachhaltigkeit-300x300.jpg\" class=\"attachment-medium size-medium\" alt=\"\" srcset=\"https:\/\/www.fels.de\/wp-content\/uploads\/2023\/12\/Fels_Linktitel_02_Nachhaltigkeit-300x300.jpg 300w, https:\/\/www.fels.de\/wp-content\/uploads\/2023\/12\/Fels_Linktitel_02_Nachhaltigkeit-150x150.jpg 150w, https:\/\/www.fels.de\/wp-content\/uploads\/2023\/12\/Fels_Linktitel_02_Nachhaltigkeit.jpg 400w\" sizes=\"auto, (max-width: 300px) 100vw, 300px\" \/>    <p>Nachhaltigkeit<\/p><h3>Generationengerecht und umweltfreundlich<\/h3><\/a><\/div><div class=\"fels-read-more-links--item\"><a href=\"https:\/\/www.fels.de\/de\/produkte\"><img loading=\"lazy\" decoding=\"async\" width=\"300\" height=\"300\" src=\"https:\/\/www.fels.de\/wp-content\/uploads\/2023\/12\/Fels_Linktitel_03_Produkte-300x300.jpg\" class=\"attachment-medium size-medium\" alt=\"\" srcset=\"https:\/\/www.fels.de\/wp-content\/uploads\/2023\/12\/Fels_Linktitel_03_Produkte-300x300.jpg 300w, https:\/\/www.fels.de\/wp-content\/uploads\/2023\/12\/Fels_Linktitel_03_Produkte-150x150.jpg 150w, https:\/\/www.fels.de\/wp-content\/uploads\/2023\/12\/Fels_Linktitel_03_Produkte.jpg 400w\" sizes=\"auto, (max-width: 300px) 100vw, 300px\" \/>    <p>Produkte<\/p><h3>Ein Stein, viele Facetten<\/h3><\/a><\/div><div class=\"fels-read-more-links--item\"><a href=\"https:\/\/www.fels.de\/de\/anwendungen\"><img loading=\"lazy\" decoding=\"async\" width=\"300\" height=\"300\" src=\"https:\/\/www.fels.de\/wp-content\/uploads\/2023\/12\/Fels_Linktitel_04_Anwendungen-300x300.jpg\" class=\"attachment-medium size-medium\" alt=\"\" srcset=\"https:\/\/www.fels.de\/wp-content\/uploads\/2023\/12\/Fels_Linktitel_04_Anwendungen-300x300.jpg 300w, https:\/\/www.fels.de\/wp-content\/uploads\/2023\/12\/Fels_Linktitel_04_Anwendungen-150x150.jpg 150w, https:\/\/www.fels.de\/wp-content\/uploads\/2023\/12\/Fels_Linktitel_04_Anwendungen.jpg 400w\" sizes=\"auto, (max-width: 300px) 100vw, 300px\" \/>    <p>Anwendungen<\/p><h3>Vielf\u00e4ltige M\u00f6glichkeiten<\/h3><\/a><\/div><div class=\"fels-read-more-links--item\"><a href=\"https:\/\/www.fels.de\/de\/karriere-ausbildung\/\"><img loading=\"lazy\" decoding=\"async\" width=\"300\" height=\"300\" src=\"https:\/\/www.fels.de\/wp-content\/uploads\/2023\/12\/Fels_Linktitel_05_Karriere_Ausbildung-300x300.jpg\" class=\"attachment-medium size-medium\" alt=\"\" srcset=\"https:\/\/www.fels.de\/wp-content\/uploads\/2023\/12\/Fels_Linktitel_05_Karriere_Ausbildung-300x300.jpg 300w, https:\/\/www.fels.de\/wp-content\/uploads\/2023\/12\/Fels_Linktitel_05_Karriere_Ausbildung-150x150.jpg 150w, https:\/\/www.fels.de\/wp-content\/uploads\/2023\/12\/Fels_Linktitel_05_Karriere_Ausbildung.jpg 400w\" sizes=\"auto, (max-width: 300px) 100vw, 300px\" \/>    <p>Karriere &#038; Ausbildungen<\/p><h3>Offene Stellen bei Fels<\/h3><\/a><\/div><\/div><\/div>\n\n\n<div style=\"height:140px\" aria-hidden=\"true\" class=\"wp-block-spacer\"><\/div>\n<\/div>\n","protected":false},"excerpt":{"rendered":"<p>Betriebliches Gesundheitsmanagement Arbeitssicherheits-, Gesundheits- und Umweltausschuss Der Ausschuss behandelt aktuelle Themen der Bereiche Arbeitssicherheit und Gesundheitsf\u00f6rderung. Im Rat sind Arbeitssicherheitsfachkr\u00e4fte, der Betriebsarzt, Betriebsratsmitglieder sowie der Personalleiter vertreten. BKK Salzgitter Um unsere Mitarbeiter fit und gesund zu halten, bieten wir an den verschiedenen Standorten, mit unseren Kooperationspartnern von der BKK Salzgitter, zu deren Tr\u00e4gerunternehmen wir geh\u00f6ren, [&hellip;]<\/p>\n","protected":false},"author":1,"featured_media":1604,"parent":1648,"menu_order":0,"comment_status":"closed","ping_status":"closed","template":"hero_image.tpl.php","meta":{"_acf_changed":false,"inline_featured_image":false,"footnotes":""},"class_list":["post-1576","page","type-page","status-publish","has-post-thumbnail","hentry"],"acf":[],"yoast_head":"<!-- This site is optimized with the Yoast SEO plugin v27.4 - https:\/\/yoast.com\/product\/yoast-seo-wordpress\/ -->\n<title>Betriebliches Gesundheitsmanagement - Fels Werke<\/title>\n<meta name=\"robots\" content=\"index, follow, max-snippet:-1, max-image-preview:large, max-video-preview:-1\" \/>\n<link rel=\"canonical\" href=\"https:\/\/www.fels.de\/de\/karriere-ausbildung\/karriere\/betriebliches-gesundheitsmanagement\/\" \/>\n<meta property=\"og:locale\" content=\"de_DE\" \/>\n<meta property=\"og:type\" content=\"article\" \/>\n<meta property=\"og:title\" content=\"Betriebliches Gesundheitsmanagement - Fels Werke\" \/>\n<meta property=\"og:description\" content=\"Betriebliches Gesundheitsmanagement Arbeitssicherheits-, Gesundheits- und Umweltausschuss Der Ausschuss behandelt aktuelle Themen der Bereiche Arbeitssicherheit und Gesundheitsf\u00f6rderung. Im Rat sind Arbeitssicherheitsfachkr\u00e4fte, der Betriebsarzt, Betriebsratsmitglieder sowie der Personalleiter vertreten. BKK Salzgitter Um unsere Mitarbeiter fit und gesund zu halten, bieten wir an den verschiedenen Standorten, mit unseren Kooperationspartnern von der BKK Salzgitter, zu deren Tr\u00e4gerunternehmen wir geh\u00f6ren, [&hellip;]\" \/>\n<meta property=\"og:url\" content=\"https:\/\/www.fels.de\/de\/karriere-ausbildung\/karriere\/betriebliches-gesundheitsmanagement\/\" \/>\n<meta property=\"og:site_name\" content=\"Fels Werke\" \/>\n<meta property=\"article:publisher\" content=\"https:\/\/www.facebook.com\/FelsWerkeGmbH\/\" \/>\n<meta property=\"article:modified_time\" content=\"2026-03-12T09:14:41+00:00\" \/>\n<meta property=\"og:image\" content=\"https:\/\/www.fels.de\/wp-content\/uploads\/2023\/12\/Fels_Leistungen_04_Betriebliche_Gesundheitsfoerderung.jpg\" \/>\n\t<meta property=\"og:image:width\" content=\"2000\" \/>\n\t<meta property=\"og:image:height\" content=\"1000\" \/>\n\t<meta property=\"og:image:type\" content=\"image\/jpeg\" \/>\n<meta name=\"twitter:card\" content=\"summary_large_image\" \/>\n<meta name=\"twitter:label1\" content=\"Gesch\u00e4tzte Lesezeit\" \/>\n\t<meta name=\"twitter:data1\" content=\"3\u00a0Minuten\" \/>\n<script type=\"application\/ld+json\" class=\"yoast-schema-graph\">{\"@context\":\"https:\\\/\\\/schema.org\",\"@graph\":[{\"@type\":\"WebPage\",\"@id\":\"https:\\\/\\\/www.fels.de\\\/de\\\/karriere-ausbildung\\\/karriere\\\/betriebliches-gesundheitsmanagement\\\/\",\"url\":\"https:\\\/\\\/www.fels.de\\\/de\\\/karriere-ausbildung\\\/karriere\\\/betriebliches-gesundheitsmanagement\\\/\",\"name\":\"Betriebliches Gesundheitsmanagement - Fels Werke\",\"isPartOf\":{\"@id\":\"https:\\\/\\\/www.fels.de\\\/de\\\/#website\"},\"primaryImageOfPage\":{\"@id\":\"https:\\\/\\\/www.fels.de\\\/de\\\/karriere-ausbildung\\\/karriere\\\/betriebliches-gesundheitsmanagement\\\/#primaryimage\"},\"image\":{\"@id\":\"https:\\\/\\\/www.fels.de\\\/de\\\/karriere-ausbildung\\\/karriere\\\/betriebliches-gesundheitsmanagement\\\/#primaryimage\"},\"thumbnailUrl\":\"https:\\\/\\\/www.fels.de\\\/wp-content\\\/uploads\\\/2023\\\/12\\\/Fels_Leistungen_04_Betriebliche_Gesundheitsfoerderung.jpg\",\"datePublished\":\"2023-12-22T14:50:05+00:00\",\"dateModified\":\"2026-03-12T09:14:41+00:00\",\"breadcrumb\":{\"@id\":\"https:\\\/\\\/www.fels.de\\\/de\\\/karriere-ausbildung\\\/karriere\\\/betriebliches-gesundheitsmanagement\\\/#breadcrumb\"},\"inLanguage\":\"de\",\"potentialAction\":[{\"@type\":\"ReadAction\",\"target\":[\"https:\\\/\\\/www.fels.de\\\/de\\\/karriere-ausbildung\\\/karriere\\\/betriebliches-gesundheitsmanagement\\\/\"]}]},{\"@type\":\"ImageObject\",\"inLanguage\":\"de\",\"@id\":\"https:\\\/\\\/www.fels.de\\\/de\\\/karriere-ausbildung\\\/karriere\\\/betriebliches-gesundheitsmanagement\\\/#primaryimage\",\"url\":\"https:\\\/\\\/www.fels.de\\\/wp-content\\\/uploads\\\/2023\\\/12\\\/Fels_Leistungen_04_Betriebliche_Gesundheitsfoerderung.jpg\",\"contentUrl\":\"https:\\\/\\\/www.fels.de\\\/wp-content\\\/uploads\\\/2023\\\/12\\\/Fels_Leistungen_04_Betriebliche_Gesundheitsfoerderung.jpg\",\"width\":2000,\"height\":1000},{\"@type\":\"BreadcrumbList\",\"@id\":\"https:\\\/\\\/www.fels.de\\\/de\\\/karriere-ausbildung\\\/karriere\\\/betriebliches-gesundheitsmanagement\\\/#breadcrumb\",\"itemListElement\":[{\"@type\":\"ListItem\",\"position\":1,\"name\":\"Karriere &#038; Ausbildung\",\"item\":\"https:\\\/\\\/www.fels.de\\\/de\\\/karriere-ausbildung\\\/\"},{\"@type\":\"ListItem\",\"position\":2,\"name\":\"Karriere\",\"item\":\"https:\\\/\\\/www.fels.de\\\/de\\\/karriere-ausbildung\\\/karriere\\\/\"},{\"@type\":\"ListItem\",\"position\":3,\"name\":\"Betriebliches Gesundheitsmanagement\"}]},{\"@type\":\"WebSite\",\"@id\":\"https:\\\/\\\/www.fels.de\\\/de\\\/#website\",\"url\":\"https:\\\/\\\/www.fels.de\\\/de\\\/\",\"name\":\"Fels Werke\",\"description\":\"\",\"publisher\":{\"@id\":\"https:\\\/\\\/www.fels.de\\\/de\\\/#organization\"},\"potentialAction\":[{\"@type\":\"SearchAction\",\"target\":{\"@type\":\"EntryPoint\",\"urlTemplate\":\"https:\\\/\\\/www.fels.de\\\/de\\\/?s={search_term_string}\"},\"query-input\":{\"@type\":\"PropertyValueSpecification\",\"valueRequired\":true,\"valueName\":\"search_term_string\"}}],\"inLanguage\":\"de\"},{\"@type\":\"Organization\",\"@id\":\"https:\\\/\\\/www.fels.de\\\/de\\\/#organization\",\"name\":\"Fels Vertriebs und Service GmbH & Co. KG\",\"url\":\"https:\\\/\\\/www.fels.de\\\/de\\\/\",\"logo\":{\"@type\":\"ImageObject\",\"inLanguage\":\"de\",\"@id\":\"https:\\\/\\\/www.fels.de\\\/de\\\/#\\\/schema\\\/logo\\\/image\\\/\",\"url\":\"https:\\\/\\\/www.fels.de\\\/wp-content\\\/uploads\\\/2023\\\/12\\\/Fels_Logo_de_rgb.svg\",\"contentUrl\":\"https:\\\/\\\/www.fels.de\\\/wp-content\\\/uploads\\\/2023\\\/12\\\/Fels_Logo_de_rgb.svg\",\"width\":\"1024\",\"height\":\"1024\",\"caption\":\"Fels Vertriebs und Service GmbH & Co. KG\"},\"image\":{\"@id\":\"https:\\\/\\\/www.fels.de\\\/de\\\/#\\\/schema\\\/logo\\\/image\\\/\"},\"sameAs\":[\"https:\\\/\\\/www.facebook.com\\\/FelsWerkeGmbH\\\/\",\"https:\\\/\\\/www.xing.com\\\/pages\\\/fels-werkegmbh\",\"https:\\\/\\\/www.youtube.com\\\/channel\\\/UCCMuLAEi1GZRT7B8S7IvHaA\",\"https:\\\/\\\/de.linkedin.com\\\/company\\\/fels-werke-gmbh\"]}]}<\/script>\n<!-- \/ Yoast SEO plugin. -->","yoast_head_json":{"title":"Betriebliches Gesundheitsmanagement - Fels Werke","robots":{"index":"index","follow":"follow","max-snippet":"max-snippet:-1","max-image-preview":"max-image-preview:large","max-video-preview":"max-video-preview:-1"},"canonical":"https:\/\/www.fels.de\/de\/karriere-ausbildung\/karriere\/betriebliches-gesundheitsmanagement\/","og_locale":"de_DE","og_type":"article","og_title":"Betriebliches Gesundheitsmanagement - Fels Werke","og_description":"Betriebliches Gesundheitsmanagement Arbeitssicherheits-, Gesundheits- und Umweltausschuss Der Ausschuss behandelt aktuelle Themen der Bereiche Arbeitssicherheit und Gesundheitsf\u00f6rderung. Im Rat sind Arbeitssicherheitsfachkr\u00e4fte, der Betriebsarzt, Betriebsratsmitglieder sowie der Personalleiter vertreten. BKK Salzgitter Um unsere Mitarbeiter fit und gesund zu halten, bieten wir an den verschiedenen Standorten, mit unseren Kooperationspartnern von der BKK Salzgitter, zu deren Tr\u00e4gerunternehmen wir geh\u00f6ren, [&hellip;]","og_url":"https:\/\/www.fels.de\/de\/karriere-ausbildung\/karriere\/betriebliches-gesundheitsmanagement\/","og_site_name":"Fels Werke","article_publisher":"https:\/\/www.facebook.com\/FelsWerkeGmbH\/","article_modified_time":"2026-03-12T09:14:41+00:00","og_image":[{"width":2000,"height":1000,"url":"https:\/\/www.fels.de\/wp-content\/uploads\/2023\/12\/Fels_Leistungen_04_Betriebliche_Gesundheitsfoerderung.jpg","type":"image\/jpeg"}],"twitter_card":"summary_large_image","twitter_misc":{"Gesch\u00e4tzte Lesezeit":"3\u00a0Minuten"},"schema":{"@context":"https:\/\/schema.org","@graph":[{"@type":"WebPage","@id":"https:\/\/www.fels.de\/de\/karriere-ausbildung\/karriere\/betriebliches-gesundheitsmanagement\/","url":"https:\/\/www.fels.de\/de\/karriere-ausbildung\/karriere\/betriebliches-gesundheitsmanagement\/","name":"Betriebliches Gesundheitsmanagement - Fels Werke","isPartOf":{"@id":"https:\/\/www.fels.de\/de\/#website"},"primaryImageOfPage":{"@id":"https:\/\/www.fels.de\/de\/karriere-ausbildung\/karriere\/betriebliches-gesundheitsmanagement\/#primaryimage"},"image":{"@id":"https:\/\/www.fels.de\/de\/karriere-ausbildung\/karriere\/betriebliches-gesundheitsmanagement\/#primaryimage"},"thumbnailUrl":"https:\/\/www.fels.de\/wp-content\/uploads\/2023\/12\/Fels_Leistungen_04_Betriebliche_Gesundheitsfoerderung.jpg","datePublished":"2023-12-22T14:50:05+00:00","dateModified":"2026-03-12T09:14:41+00:00","breadcrumb":{"@id":"https:\/\/www.fels.de\/de\/karriere-ausbildung\/karriere\/betriebliches-gesundheitsmanagement\/#breadcrumb"},"inLanguage":"de","potentialAction":[{"@type":"ReadAction","target":["https:\/\/www.fels.de\/de\/karriere-ausbildung\/karriere\/betriebliches-gesundheitsmanagement\/"]}]},{"@type":"ImageObject","inLanguage":"de","@id":"https:\/\/www.fels.de\/de\/karriere-ausbildung\/karriere\/betriebliches-gesundheitsmanagement\/#primaryimage","url":"https:\/\/www.fels.de\/wp-content\/uploads\/2023\/12\/Fels_Leistungen_04_Betriebliche_Gesundheitsfoerderung.jpg","contentUrl":"https:\/\/www.fels.de\/wp-content\/uploads\/2023\/12\/Fels_Leistungen_04_Betriebliche_Gesundheitsfoerderung.jpg","width":2000,"height":1000},{"@type":"BreadcrumbList","@id":"https:\/\/www.fels.de\/de\/karriere-ausbildung\/karriere\/betriebliches-gesundheitsmanagement\/#breadcrumb","itemListElement":[{"@type":"ListItem","position":1,"name":"Karriere &#038; Ausbildung","item":"https:\/\/www.fels.de\/de\/karriere-ausbildung\/"},{"@type":"ListItem","position":2,"name":"Karriere","item":"https:\/\/www.fels.de\/de\/karriere-ausbildung\/karriere\/"},{"@type":"ListItem","position":3,"name":"Betriebliches Gesundheitsmanagement"}]},{"@type":"WebSite","@id":"https:\/\/www.fels.de\/de\/#website","url":"https:\/\/www.fels.de\/de\/","name":"Fels Werke","description":"","publisher":{"@id":"https:\/\/www.fels.de\/de\/#organization"},"potentialAction":[{"@type":"SearchAction","target":{"@type":"EntryPoint","urlTemplate":"https:\/\/www.fels.de\/de\/?s={search_term_string}"},"query-input":{"@type":"PropertyValueSpecification","valueRequired":true,"valueName":"search_term_string"}}],"inLanguage":"de"},{"@type":"Organization","@id":"https:\/\/www.fels.de\/de\/#organization","name":"Fels Vertriebs und Service GmbH & Co. KG","url":"https:\/\/www.fels.de\/de\/","logo":{"@type":"ImageObject","inLanguage":"de","@id":"https:\/\/www.fels.de\/de\/#\/schema\/logo\/image\/","url":"https:\/\/www.fels.de\/wp-content\/uploads\/2023\/12\/Fels_Logo_de_rgb.svg","contentUrl":"https:\/\/www.fels.de\/wp-content\/uploads\/2023\/12\/Fels_Logo_de_rgb.svg","width":"1024","height":"1024","caption":"Fels Vertriebs und Service GmbH & Co. KG"},"image":{"@id":"https:\/\/www.fels.de\/de\/#\/schema\/logo\/image\/"},"sameAs":["https:\/\/www.facebook.com\/FelsWerkeGmbH\/","https:\/\/www.xing.com\/pages\/fels-werkegmbh","https:\/\/www.youtube.com\/channel\/UCCMuLAEi1GZRT7B8S7IvHaA","https:\/\/de.linkedin.com\/company\/fels-werke-gmbh"]}]}},"_links":{"self":[{"href":"https:\/\/www.fels.de\/de\/wp-json\/wp\/v2\/pages\/1576","targetHints":{"allow":["GET"]}}],"collection":[{"href":"https:\/\/www.fels.de\/de\/wp-json\/wp\/v2\/pages"}],"about":[{"href":"https:\/\/www.fels.de\/de\/wp-json\/wp\/v2\/types\/page"}],"author":[{"embeddable":true,"href":"https:\/\/www.fels.de\/de\/wp-json\/wp\/v2\/users\/1"}],"replies":[{"embeddable":true,"href":"https:\/\/www.fels.de\/de\/wp-json\/wp\/v2\/comments?post=1576"}],"version-history":[{"count":12,"href":"https:\/\/www.fels.de\/de\/wp-json\/wp\/v2\/pages\/1576\/revisions"}],"predecessor-version":[{"id":5172,"href":"https:\/\/www.fels.de\/de\/wp-json\/wp\/v2\/pages\/1576\/revisions\/5172"}],"up":[{"embeddable":true,"href":"https:\/\/www.fels.de\/de\/wp-json\/wp\/v2\/pages\/1648"}],"wp:featuredmedia":[{"embeddable":true,"href":"https:\/\/www.fels.de\/de\/wp-json\/wp\/v2\/media\/1604"}],"wp:attachment":[{"href":"https:\/\/www.fels.de\/de\/wp-json\/wp\/v2\/media?parent=1576"}],"curies":[{"name":"wp","href":"https:\/\/api.w.org\/{rel}","templated":true}]}}